{"id":2989,"date":"2024-05-17T10:37:06","date_gmt":"2024-05-17T08:37:06","guid":{"rendered":"https:\/\/plazatorosmarbella.com\/informations-sur-la-place\/"},"modified":"2025-07-25T11:50:54","modified_gmt":"2025-07-25T09:50:54","slug":"informations-sur-la-place","status":"publish","type":"page","link":"https:\/\/plazatorosmarbella.com\/fr\/informations-sur-la-place\/","title":{"rendered":"Informations sur la place"},"content":{"rendered":"<section class=\"l-section wpb_row height_huge width_custom color_secondary with_img\" style=\"--site-content-width:900px;\"><div class=\"l-section-img\" role=\"img\" aria-label=\"Pr\u00e9sidence des ar\u00e8nes de Marbella\" data-img-width=\"1200\" data-img-height=\"900\" style=\"background-image: url(https:\/\/plazatorosmarbella.com\/wp-content\/uploads\/2024\/05\/Plaza-de-toros-de-marbella.webp);\"><\/div><div class=\"l-section-overlay\" style=\"background:rgba(0,0,0,0.65)\"><\/div><div class=\"l-section-h i-cf\"><div class=\"g-cols vc_row via_grid cols_1 laptops-cols_inherit tablets-cols_inherit mobiles-cols_1 valign_top type_default stacking_default\"><div class=\"wpb_column vc_column_container\"><div class=\"vc_column-inner\"><div class=\"w-separator size_medium\"><\/div><h1 class=\"w-text us_custom_eb849559\"><span class=\"w-text-h\"><span class=\"w-text-value\">Informations sur les ar\u00e8nes<\/span><\/span><\/h1><\/div><\/div><\/div><\/div><\/section><section class=\"l-section wpb_row height_medium\"><div class=\"l-section-h i-cf\"><div class=\"g-cols vc_row via_grid cols_1 laptops-cols_inherit tablets-cols_inherit mobiles-cols_1 valign_top type_default stacking_default\"><div class=\"wpb_column vc_column_container\"><div class=\"vc_column-inner\"><div class=\"wpb_text_column\"><div class=\"wpb_wrapper\"><p><strong>Bienvenue \u00e0 la Plaza de Toros de Marbella<\/strong>, un lieu embl\u00e9matique qui constitue non seulement un \u00e9l\u00e9ment essentiel de la tradition tauromachique andalouse, mais aussi un symbole vivant de la riche histoire et de la culture de notre ville. Sur cette page, nous vous invitons \u00e0 d\u00e9couvrir les caract\u00e9ristiques fascinantes de nos ar\u00e8nes, son histoire riche et vibrante et les \u00e9v\u00e9nements passionnants qui en ont fait un point de rencontre incontournable pour les amoureux de la culture et de la tradition taurine.<\/p>\n<\/div><\/div><\/div><\/div><\/div><\/div><\/section><section class=\"l-section wpb_row height_auto\"><div class=\"l-section-h i-cf\"><div class=\"g-cols vc_row via_grid cols_2 laptops-cols_inherit tablets-cols_1 mobiles-cols_1 valign_middle type_default reversed stacking_default\" style=\"--columns-gap:0px;\"><div class=\"wpb_column vc_column_container us_custom_07fcfd71 has_bg_color stretched\"><div class=\"vc_column-inner\"><\/div><\/div><div class=\"wpb_column vc_column_container\"><div class=\"vc_column-inner\"><div class=\"w-separator size_huge\"><\/div><div class=\"wpb_text_column us_custom_525019aa\"><div class=\"wpb_wrapper\"><h3>Origines de la place<\/h3>\n<p>Les ar\u00e8nes ont \u00e9t\u00e9 con\u00e7ues par <strong>l&rsquo;architecte flamand Enrique P\u00e9rez Comendador<\/strong> et inaugur\u00e9es le <strong>11 juin 1964<\/strong> lors des festivit\u00e9s de San Bernab\u00e9, patron de Marbella. Cette place a \u00e9t\u00e9 con\u00e7ue dans les ann\u00e9es 1960, lorsque la ville commen\u00e7ait \u00e0 \u00e9merger comme une destination touristique de premier plan sur la Costa del Sol.<\/p>\n<p>La construction des ar\u00e8nes de Marbella a \u00e9t\u00e9 motiv\u00e9e par la volont\u00e9 de doter la ville d&rsquo;un espace d\u00e9di\u00e9 \u00e0 la tauromachie, une tradition profond\u00e9ment ancr\u00e9e dans la culture andalouse. La cr\u00e9ation de la place r\u00e9pondait \u00e0 la n\u00e9cessit\u00e9 d&rsquo;offrir \u00e0 ces touristes et r\u00e9sidents locaux un lieu pour profiter des corridas et d&rsquo;autres \u00e9v\u00e9nements culturels.<\/p>\n<\/div><\/div><div class=\"w-separator size_huge\"><\/div><\/div><\/div><\/div><\/div><\/section><section class=\"l-section wpb_row height_medium\"><div class=\"l-section-h i-cf\"><div class=\"g-cols vc_row via_grid cols_1 laptops-cols_inherit tablets-cols_inherit mobiles-cols_1 valign_top type_default stacking_default\"><div class=\"wpb_column vc_column_container\"><div class=\"vc_column-inner\"><h2 class=\"w-text\"><span class=\"w-text-h\"><span class=\"w-text-value\">Architecture et conception<\/span><\/span><\/h2><div class=\"w-separator size_large\"><\/div><div class=\"w-tabs layout_ver navwidth_auto navpos_left style_trendy switch_click\" style=\"--sections-title-size:1.6em\" data-accordion-at-width=\"1024\"><div class=\"w-tabs-list items_3 align_none\" style=\"font-family:var(--h1-font-family);font-weight:700;line-height:1.7;\"><div class=\"w-tabs-list-h\"><button class=\"w-tabs-item active defined-active\" aria-controls=\"content-p713\" aria-expanded=\"true\"><span class=\"w-tabs-item-title\">cLa fa\u00e7ade combine les \u00e9l\u00e9ments des traditions andalouses avec les arcs au sol et les barres en fer forg\u00e9, pr\u00e9dominantes dans les couleurs blanc et albero.<\/span><\/button><button class=\"w-tabs-item\" aria-controls=\"content-oea4\" aria-expanded=\"false\"><span class=\"w-tabs-item-title\">Capacidad<\/span><\/button><button class=\"w-tabs-item\" aria-controls=\"content-d647\" aria-expanded=\"false\"><span class=\"w-tabs-item-title\">Articles<\/span><\/button><\/div><\/div><div class=\"w-tabs-sections titles-align_none icon_chevron cpos_right\"><div class=\"w-tabs-section active\" id=\"p713\"><button class=\"w-tabs-section-header active\" aria-controls=\"content-p713\" aria-expanded=\"true\"><h4 class=\"w-tabs-section-title\">cLa fa\u00e7ade combine les \u00e9l\u00e9ments des traditions andalouses avec les arcs au sol et les barres en fer forg\u00e9, pr\u00e9dominantes dans les couleurs blanc et albero.<\/h4><div class=\"w-tabs-section-control\"><\/div><\/button><div  class=\"w-tabs-section-content\" id=\"content-p713\"><div class=\"w-tabs-section-content-h i-cf\"><div class=\"g-cols wpb_row via_grid cols_2 laptops-cols_inherit tablets-cols_inherit mobiles-cols_1 valign_middle type_default stacking_default\" style=\"--columns-gap:3rem;\"><div class=\"wpb_column vc_column_container\"><div class=\"vc_column-inner\"><div class=\"w-image has_ratio align_none\"><div class=\"w-image-h\"><div style=\"padding-bottom:66.6667%\"><\/div><img decoding=\"async\" width=\"1024\" height=\"768\" src=\"https:\/\/plazatorosmarbella.com\/wp-content\/uploads\/2024\/05\/Plaza-de-toros-de-marbella-1024x768.webp\" class=\"attachment-large size-large\" alt=\"Pr\u00e9sidence des ar\u00e8nes de Marbella\" loading=\"lazy\" \/><\/div><\/div><\/div><\/div><div class=\"wpb_column vc_column_container\"><div class=\"vc_column-inner\"><div class=\"wpb_text_column\"><div class=\"wpb_wrapper\"><h3>Conception et architecture<\/h3>\n<p>Les ar\u00e8nes ont une forme circulaire avec une large ar\u00e8ne de 50 m\u00e8tres de diam\u00e8tre recouverte d&rsquo;albero, offrant une excellente visibilit\u00e9 depuis n&rsquo;importe quel point. Les gradins, les loges VIP et les barri\u00e8res assurent le confort et la meilleure vue sur le spectacle.<\/p>\n<p>La fa\u00e7ade combine des \u00e9l\u00e9ments andalous traditionnels tels que des arcs en plein cintre et des barres en fer forg\u00e9, pr\u00e9dominant dans les couleurs blanc et albero.<\/p>\n<\/div><\/div><\/div><\/div><\/div><\/div><\/div><\/div><div class=\"w-tabs-section\" id=\"oea4\"><button class=\"w-tabs-section-header\" aria-controls=\"content-oea4\" aria-expanded=\"false\"><h4 class=\"w-tabs-section-title\">Capacidad<\/h4><div class=\"w-tabs-section-control\"><\/div><\/button><div  class=\"w-tabs-section-content\" id=\"content-oea4\"><div class=\"w-tabs-section-content-h i-cf\"><div class=\"g-cols wpb_row via_grid cols_2 laptops-cols_inherit tablets-cols_inherit mobiles-cols_1 valign_middle type_default stacking_default\" style=\"--columns-gap:3rem;\"><div class=\"wpb_column vc_column_container\"><div class=\"vc_column-inner\"><div class=\"w-image has_ratio align_none\"><div class=\"w-image-h\"><div style=\"padding-bottom:66.6667%\"><\/div><img decoding=\"async\" width=\"880\" height=\"495\" src=\"https:\/\/plazatorosmarbella.com\/wp-content\/uploads\/2024\/05\/Plaza-de-toros-marbella.webp\" class=\"attachment-large size-large\" alt=\"Ar\u00e8nes ext\u00e9rieures de Marbella\" loading=\"lazy\" \/><\/div><\/div><\/div><\/div><div class=\"wpb_column vc_column_container\"><div class=\"vc_column-inner\"><div class=\"wpb_text_column\"><div class=\"wpb_wrapper\"><h3>architecture de la place<\/h3>\n<p>La place a la capacit\u00e9 d&rsquo;accueillir environ 7 000 spectateurs. Son design se caract\u00e9rise par des lignes et des couleurs traditionnelles andalouses. Ses larges lignes \u00e9lectriques et son architecture qui permettent une bonne visibilit\u00e9 depuis tous les emplacements se d\u00e9marquent.<\/p>\n<p>&nbsp;<\/p>\n<\/div><\/div><\/div><\/div><\/div><\/div><\/div><\/div><div class=\"w-tabs-section\" id=\"d647\"><button class=\"w-tabs-section-header\" aria-controls=\"content-d647\" aria-expanded=\"false\"><h4 class=\"w-tabs-section-title\">Articles<\/h4><div class=\"w-tabs-section-control\"><\/div><\/button><div  class=\"w-tabs-section-content\" id=\"content-d647\"><div class=\"w-tabs-section-content-h i-cf\"><div class=\"g-cols wpb_row via_grid cols_2 laptops-cols_inherit tablets-cols_inherit mobiles-cols_1 valign_middle type_default stacking_default\" style=\"--columns-gap:3rem;\"><div class=\"wpb_column vc_column_container\"><div class=\"vc_column-inner\"><div class=\"w-image has_ratio align_none\"><div class=\"w-image-h\"><div style=\"padding-bottom:66.6667%\"><\/div><img decoding=\"async\" width=\"1024\" height=\"576\" src=\"https:\/\/plazatorosmarbella.com\/wp-content\/uploads\/2024\/05\/Tendidos-plaza-toros-de-Marbella-1024x576.webp\" class=\"attachment-large size-large\" alt=\"Stands des ar\u00e8nes\" loading=\"lazy\" \/><\/div><\/div><\/div><\/div><div class=\"wpb_column vc_column_container\"><div class=\"vc_column-inner\"><div class=\"wpb_text_column\"><div class=\"wpb_wrapper\"><h3>Autres espaces<\/h3>\n<p>La place dispose de plusieurs entr\u00e9es et services tels que des toilettes et des stands de nourriture, ainsi qu&rsquo;une infirmerie. Con\u00e7u principalement pour les corridas, il accueille \u00e9galement des concerts, des spectacles de flamenco et des festivals, se distinguant par sa polyvalence et son acoustique.<\/p>\n<\/div><\/div><\/div><\/div><\/div><\/div><\/div><\/div><\/div><\/div><\/div><\/div><\/div><\/div><\/section><section class=\"l-section wpb_row height_medium\"><div class=\"l-section-h i-cf\"><div class=\"g-cols vc_row via_grid cols_1 laptops-cols_inherit tablets-cols_inherit mobiles-cols_1 valign_top type_default stacking_default\"><div class=\"wpb_column vc_column_container\"><div class=\"vc_column-inner\"><div class=\"wpb_text_column\"><div class=\"wpb_wrapper\"><h3>Les ar\u00e8nes aujourd&rsquo;hui<\/h3>\n<p>M\u00eame si autrefois les ar\u00e8nes accueillaient uniquement des \u00e9v\u00e9nements taurins \u00e0 l&rsquo;int\u00e9rieur, aujourd&rsquo;hui, vous pouvez assister \u00e0 tous types d&rsquo;\u00e9v\u00e9nements. Les ar\u00e8nes de Marbella ont \u00e9t\u00e9 transform\u00e9es en un espace polyvalent o\u00f9 les amateurs de tauromachie et le grand public peuvent assister aux meilleurs spectacles de la ville.<\/p>\n<\/div><\/div><div class=\"w-separator size_large\"><\/div><div class=\"g-cols wpb_row via_grid cols_2 laptops-cols_inherit tablets-cols_inherit mobiles-cols_1 valign_middle type_default stacking_default\" style=\"--columns-gap:3rem;\"><div class=\"wpb_column vc_column_container\"><div class=\"vc_column-inner\"><div class=\"w-image align_none\"><div class=\"w-image-h\"><img decoding=\"async\" width=\"667\" height=\"375\" src=\"https:\/\/plazatorosmarbella.com\/wp-content\/uploads\/2024\/05\/Corrida-de-toros-Marbella.jpg\" class=\"attachment-large size-large\" alt=\"Tauromachie \u00e0 Marbella\" loading=\"lazy\" srcset=\"https:\/\/plazatorosmarbella.com\/wp-content\/uploads\/2024\/05\/Corrida-de-toros-Marbella.jpg 667w, https:\/\/plazatorosmarbella.com\/wp-content\/uploads\/2024\/05\/Corrida-de-toros-Marbella-600x337.jpg 600w, https:\/\/plazatorosmarbella.com\/wp-content\/uploads\/2024\/05\/Corrida-de-toros-Marbella-300x169.jpg 300w\" sizes=\"auto, (max-width: 667px) 100vw, 667px\" \/><\/div><\/div><\/div><\/div><div class=\"wpb_column vc_column_container\"><div class=\"vc_column-inner\"><div class=\"wpb_text_column us_custom_4481559d\"><div class=\"wpb_wrapper\"><h4>Concerts<\/h4>\n<p>Les ar\u00e8nes deviennent une sc\u00e8ne o\u00f9 se d\u00e9roulent toutes sortes de spectacles, tels que des concerts, des spectacles visuels ou des festivals en g\u00e9n\u00e9ral. Sa polyvalence et ses grands espaces lui permettent d&rsquo;accueillir tous types d&rsquo;\u00e9v\u00e9nements.<\/p>\n<\/div><\/div><div class=\"w-separator size_medium\"><\/div><div class=\"wpb_text_column us_custom_4481559d\"><div class=\"wpb_wrapper\"><h4>Corridas de taureaux<\/h4>\n<p>Depuis 2015, les ar\u00e8nes de Marbella n&rsquo;accueillent plus de corridas en raison de leur interdiction dans la ville, mais en 2024, elles auront lieu \u00e0 nouveau. La tauromachie revient avec une corrida appel\u00e9e \u00ab R\u00e9inauguration \u00bb qui c\u00e9l\u00e8bre \u00e9galement le 60e anniversaire de la place.<\/p>\n<\/div><\/div><\/div><\/div><\/div><\/div><\/div><\/div><\/div><\/section><section class=\"l-section wpb_row us_custom_402551d6 height_medium width_custom color_footer-bottom with_shape\" style=\"--site-content-width:1000px;\"><div class=\"l-section-shape type_custom pos_top\" style=\"height:50%;\"><svg xmlns=\"http:\/\/www.w3.org\/2000\/svg\" viewBox=\"0 0 64 8\" preserveAspectRatio=\"none\" width=\"100%\" height=\"100%\">\r\n\t<path fill=\"currentColor\" d=\"M64 8 L0 8 L0 0 L64 0 Z\"\/>\r\n<\/svg><\/div><div class=\"l-section-h i-cf\"><div class=\"g-cols vc_row via_grid cols_1 laptops-cols_inherit tablets-cols_inherit mobiles-cols_1 valign_top type_default stacking_default\"><div class=\"wpb_column vc_column_container us_custom_9cf479d2\"><div class=\"vc_column-inner\"><div class=\"g-cols wpb_row us_custom_40059dd0 has_text_color via_grid cols_custom laptops-cols_inherit tablets-cols_3-2 mobiles-cols_1 valign_middle type_default stacking_default\" style=\"--columns-gap:2rem;--custom-columns:2.5fr 2fr 1.5fr\"><div class=\"wpb_column vc_column_container\"><div class=\"vc_column-inner\"><div class=\"w-text us_custom_f379e5e9\"><span class=\"w-text-h\"><span class=\"w-text-value\">Vous souhaitez visiter une ar\u00e8ne ?<\/span><\/span><\/div><\/div><\/div><div class=\"wpb_column vc_column_container us_custom_e28183d5\"><div class=\"vc_column-inner\"><div class=\"w-text us_custom_e5db0a2d has_text_color\"><span class=\"w-text-h\"><span class=\"w-text-value\">Ar\u00e8nes de Malaga + visite immersive des mus\u00e9es<\/span><\/span><\/div><div class=\"w-text\"><span class=\"w-text-h\"><span class=\"w-text-value\">A partir de 14 euros<\/span><\/span><\/div><\/div><\/div><div class=\"wpb_column vc_column_container us_custom_ecbbf48f\"><div class=\"vc_column-inner\"><div class=\"w-btn-wrapper default_align_right laptops_align_right tablets_align_left mobiles_align_center\"><a class=\"w-btn us-btn-style_1 us_custom_b4198c51\" target=\"_blank\" href=\"https:\/\/lamalaguetatour.com\"><span class=\"w-btn-label\">Plus d&apos;informations et r\u00e9servations<\/span><\/a><\/div><\/div><\/div><\/div><\/div><\/div><\/div><\/div><\/section>\n","protected":false},"excerpt":{"rendered":"Informations sur les ar\u00e8nesBienvenue \u00e0 la Plaza de Toros de Marbella, un lieu embl\u00e9matique qui constitue non seulement un \u00e9l\u00e9ment essentiel de la tradition tauromachique andalouse, mais aussi un symbole vivant de la riche histoire et de la culture de notre ville. Sur cette page, nous vous invitons \u00e0 d\u00e9couvrir les caract\u00e9ristiques fascinantes de nos...","protected":false},"author":2,"featured_media":0,"parent":0,"menu_order":0,"comment_status":"closed","ping_status":"closed","template":"","meta":{"footnotes":""},"class_list":["post-2989","page","type-page","status-publish","hentry"],"yoast_head":"<!-- This site is optimized with the Yoast SEO plugin v27.4 - https:\/\/yoast.com\/product\/yoast-seo-wordpress\/ -->\n<title>\u25b7 Informations sur les Ar\u00e8nes de Marbella | Site officiel<\/title>\n<meta name=\"description\" content=\"D\u00e9couvrez tout sur les ar\u00e8nes de Marbella : ann\u00e9e de construction, curiosit\u00e9s, utilisation actuelle, \u00e9v\u00e9nements \u00e0 venir.\" \/>\n<meta name=\"robots\" content=\"index, follow, max-snippet:-1, max-image-preview:large, max-video-preview:-1\" \/>\n<link rel=\"canonical\" href=\"https:\/\/plazatorosmarbella.com\/fr\/informations-sur-la-place\/\" \/>\n<meta property=\"og:locale\" content=\"fr_FR\" \/>\n<meta property=\"og:type\" content=\"article\" \/>\n<meta property=\"og:title\" content=\"\u25b7 Informations sur les Ar\u00e8nes de Marbella | Site officiel\" \/>\n<meta property=\"og:description\" content=\"D\u00e9couvrez tout sur les ar\u00e8nes de Marbella : ann\u00e9e de construction, curiosit\u00e9s, utilisation actuelle, \u00e9v\u00e9nements \u00e0 venir.\" \/>\n<meta property=\"og:url\" content=\"https:\/\/plazatorosmarbella.com\/fr\/informations-sur-la-place\/\" \/>\n<meta property=\"og:site_name\" content=\"Plaza Toros Marbella\" \/>\n<meta property=\"article:modified_time\" content=\"2025-07-25T09:50:54+00:00\" \/>\n<meta name=\"twitter:card\" content=\"summary_large_image\" \/>\n<meta name=\"twitter:label1\" content=\"Dur\u00e9e de lecture estim\u00e9e\" \/>\n\t<meta name=\"twitter:data1\" content=\"7 minutes\" \/>\n<script type=\"application\/ld+json\" class=\"yoast-schema-graph\">{\"@context\":\"https:\\\/\\\/schema.org\",\"@graph\":[{\"@type\":\"WebPage\",\"@id\":\"https:\\\/\\\/plazatorosmarbella.com\\\/fr\\\/informations-sur-la-place\\\/\",\"url\":\"https:\\\/\\\/plazatorosmarbella.com\\\/fr\\\/informations-sur-la-place\\\/\",\"name\":\"\u25b7 Informations sur les Ar\u00e8nes de Marbella | Site officiel\",\"isPartOf\":{\"@id\":\"https:\\\/\\\/plazatorosmarbella.com\\\/fr\\\/#website\"},\"datePublished\":\"2024-05-17T08:37:06+00:00\",\"dateModified\":\"2025-07-25T09:50:54+00:00\",\"description\":\"D\u00e9couvrez tout sur les ar\u00e8nes de Marbella : ann\u00e9e de construction, curiosit\u00e9s, utilisation actuelle, \u00e9v\u00e9nements \u00e0 venir.\",\"breadcrumb\":{\"@id\":\"https:\\\/\\\/plazatorosmarbella.com\\\/fr\\\/informations-sur-la-place\\\/#breadcrumb\"},\"inLanguage\":\"fr-FR\",\"potentialAction\":[{\"@type\":\"ReadAction\",\"target\":[\"https:\\\/\\\/plazatorosmarbella.com\\\/fr\\\/informations-sur-la-place\\\/\"]}]},{\"@type\":\"BreadcrumbList\",\"@id\":\"https:\\\/\\\/plazatorosmarbella.com\\\/fr\\\/informations-sur-la-place\\\/#breadcrumb\",\"itemListElement\":[{\"@type\":\"ListItem\",\"position\":1,\"name\":\"Portada\",\"item\":\"https:\\\/\\\/plazatorosmarbella.com\\\/fr\\\/\"},{\"@type\":\"ListItem\",\"position\":2,\"name\":\"Informations sur la place\"}]},{\"@type\":\"WebSite\",\"@id\":\"https:\\\/\\\/plazatorosmarbella.com\\\/fr\\\/#website\",\"url\":\"https:\\\/\\\/plazatorosmarbella.com\\\/fr\\\/\",\"name\":\"Plaza Toros Marbella\",\"description\":\"P\u00e1gina Plaza de Toros de Marbella\",\"potentialAction\":[{\"@type\":\"SearchAction\",\"target\":{\"@type\":\"EntryPoint\",\"urlTemplate\":\"https:\\\/\\\/plazatorosmarbella.com\\\/fr\\\/?s={search_term_string}\"},\"query-input\":{\"@type\":\"PropertyValueSpecification\",\"valueRequired\":true,\"valueName\":\"search_term_string\"}}],\"inLanguage\":\"fr-FR\"}]}<\/script>\n<!-- \/ Yoast SEO plugin. -->","yoast_head_json":{"title":"\u25b7 Informations sur les Ar\u00e8nes de Marbella | Site officiel","description":"D\u00e9couvrez tout sur les ar\u00e8nes de Marbella : ann\u00e9e de construction, curiosit\u00e9s, utilisation actuelle, \u00e9v\u00e9nements \u00e0 venir.","robots":{"index":"index","follow":"follow","max-snippet":"max-snippet:-1","max-image-preview":"max-image-preview:large","max-video-preview":"max-video-preview:-1"},"canonical":"https:\/\/plazatorosmarbella.com\/fr\/informations-sur-la-place\/","og_locale":"fr_FR","og_type":"article","og_title":"\u25b7 Informations sur les Ar\u00e8nes de Marbella | Site officiel","og_description":"D\u00e9couvrez tout sur les ar\u00e8nes de Marbella : ann\u00e9e de construction, curiosit\u00e9s, utilisation actuelle, \u00e9v\u00e9nements \u00e0 venir.","og_url":"https:\/\/plazatorosmarbella.com\/fr\/informations-sur-la-place\/","og_site_name":"Plaza Toros Marbella","article_modified_time":"2025-07-25T09:50:54+00:00","twitter_card":"summary_large_image","twitter_misc":{"Dur\u00e9e de lecture estim\u00e9e":"7 minutes"},"schema":{"@context":"https:\/\/schema.org","@graph":[{"@type":"WebPage","@id":"https:\/\/plazatorosmarbella.com\/fr\/informations-sur-la-place\/","url":"https:\/\/plazatorosmarbella.com\/fr\/informations-sur-la-place\/","name":"\u25b7 Informations sur les Ar\u00e8nes de Marbella | Site officiel","isPartOf":{"@id":"https:\/\/plazatorosmarbella.com\/fr\/#website"},"datePublished":"2024-05-17T08:37:06+00:00","dateModified":"2025-07-25T09:50:54+00:00","description":"D\u00e9couvrez tout sur les ar\u00e8nes de Marbella : ann\u00e9e de construction, curiosit\u00e9s, utilisation actuelle, \u00e9v\u00e9nements \u00e0 venir.","breadcrumb":{"@id":"https:\/\/plazatorosmarbella.com\/fr\/informations-sur-la-place\/#breadcrumb"},"inLanguage":"fr-FR","potentialAction":[{"@type":"ReadAction","target":["https:\/\/plazatorosmarbella.com\/fr\/informations-sur-la-place\/"]}]},{"@type":"BreadcrumbList","@id":"https:\/\/plazatorosmarbella.com\/fr\/informations-sur-la-place\/#breadcrumb","itemListElement":[{"@type":"ListItem","position":1,"name":"Portada","item":"https:\/\/plazatorosmarbella.com\/fr\/"},{"@type":"ListItem","position":2,"name":"Informations sur la place"}]},{"@type":"WebSite","@id":"https:\/\/plazatorosmarbella.com\/fr\/#website","url":"https:\/\/plazatorosmarbella.com\/fr\/","name":"Plaza Toros Marbella","description":"P\u00e1gina Plaza de Toros de Marbella","potentialAction":[{"@type":"SearchAction","target":{"@type":"EntryPoint","urlTemplate":"https:\/\/plazatorosmarbella.com\/fr\/?s={search_term_string}"},"query-input":{"@type":"PropertyValueSpecification","valueRequired":true,"valueName":"search_term_string"}}],"inLanguage":"fr-FR"}]}},"_links":{"self":[{"href":"https:\/\/plazatorosmarbella.com\/fr\/wp-json\/wp\/v2\/pages\/2989","targetHints":{"allow":["GET"]}}],"collection":[{"href":"https:\/\/plazatorosmarbella.com\/fr\/wp-json\/wp\/v2\/pages"}],"about":[{"href":"https:\/\/plazatorosmarbella.com\/fr\/wp-json\/wp\/v2\/types\/page"}],"author":[{"embeddable":true,"href":"https:\/\/plazatorosmarbella.com\/fr\/wp-json\/wp\/v2\/users\/2"}],"replies":[{"embeddable":true,"href":"https:\/\/plazatorosmarbella.com\/fr\/wp-json\/wp\/v2\/comments?post=2989"}],"version-history":[{"count":21,"href":"https:\/\/plazatorosmarbella.com\/fr\/wp-json\/wp\/v2\/pages\/2989\/revisions"}],"predecessor-version":[{"id":8699,"href":"https:\/\/plazatorosmarbella.com\/fr\/wp-json\/wp\/v2\/pages\/2989\/revisions\/8699"}],"wp:attachment":[{"href":"https:\/\/plazatorosmarbella.com\/fr\/wp-json\/wp\/v2\/media?parent=2989"}],"curies":[{"name":"wp","href":"https:\/\/api.w.org\/{rel}","templated":true}]}}