{"id":2980,"date":"2024-05-16T14:15:48","date_gmt":"2024-05-16T12:15:48","guid":{"rendered":"https:\/\/plazatorosmarbella.com\/inicio\/"},"modified":"2026-04-21T10:20:32","modified_gmt":"2026-04-21T08:20:32","slug":"inicio","status":"publish","type":"page","link":"https:\/\/plazatorosmarbella.com\/fr\/","title":{"rendered":"Inicio"},"content":{"rendered":"<section class=\"l-section wpb_row height_large color_primary with_img\"><div class=\"l-section-img\" role=\"img\" aria-label=\"Ar\u00e8nes de Ruedo Marbella\" data-img-width=\"1600\" data-img-height=\"900\" style=\"background-image: url(https:\/\/plazatorosmarbella.com\/wp-content\/uploads\/2024\/05\/Ruedo-plaza-toros.webp);\"><\/div><div class=\"l-section-overlay\" style=\"background:rgba(41,49,74,0.40)\"><\/div><div class=\"l-section-h i-cf\"><div class=\"g-cols vc_row via_grid cols_1 laptops-cols_inherit tablets-cols_inherit mobiles-cols_1 valign_top type_default stacking_default\"><div class=\"wpb_column vc_column_container\"><div class=\"vc_column-inner\"><div class=\"wpb_text_column\"><div class=\"wpb_wrapper\"><h1 style=\"text-align: center;\">Ar\u00e8nes de Marbella<\/h1>\n<\/div><\/div><div class=\"w-separator size_small\"><\/div><div class=\"w-text us_custom_eb849559\"><span class=\"w-text-h\"><span class=\"w-text-value\">Profitez de la corrida dans la ville de Marbella<\/span><\/span><\/div><div class=\"w-separator size_custom\" style=\"height:15px\"><\/div><div class=\"w-hwrapper valign_top wrap align_center\"><div class=\"w-btn-wrapper align_none\"><a class=\"w-btn us-btn-style_1\" href=\"https:\/\/plazatorosmarbella.com\/fr\/billets-pour-la-corrida-de-marbella\/\"><span class=\"w-btn-label\">Billets de taureau<\/span><\/a><\/div><div class=\"w-btn-wrapper align_none\"><a class=\"w-btn us-btn-style_2\" target=\"_blank\" href=\"https:\/\/plazatorosmarbella.com\/fr\/loges-vip\/\"><span class=\"w-btn-label\">Bo\u00eetes VIP disponibles<\/span><\/a><\/div><\/div><div class=\"w-separator size_medium\"><\/div><\/div><\/div><\/div><\/div><\/section><section class=\"l-section wpb_row height_medium\"><div class=\"l-section-h i-cf\"><div class=\"g-cols vc_row via_grid cols_1 laptops-cols_inherit tablets-cols_inherit mobiles-cols_1 valign_top type_default stacking_default\"><div class=\"wpb_column vc_column_container\"><div class=\"vc_column-inner\"><div class=\"w-separator size_medium\"><\/div><div class=\"w-separator size_medium\"><\/div><div class=\"g-cols wpb_row via_grid cols_1 laptops-cols_inherit tablets-cols_inherit mobiles-cols_1 valign_top type_default stacking_default\" style=\"--columns-gap:3rem;\"><div class=\"wpb_column vc_column_container\"><div class=\"vc_column-inner\"><div class=\"w-grid us_product_list type_grid layout_1990 cols_3 overflow_hidden preload_style_spinner\" id=\"us_product_list_nbd8\" style=\"--columns:3;--gap:1.5rem;\"><style>@media (max-width:1024px){#us_product_list_nbd8{--columns:2!important}}@media (max-width:600px){#us_product_list_nbd8{--columns:1!important}}.layout_1990 .w-grid-item-h{background:var(--color-content-bg);color:var(--color-content-text);border-radius:0.3rem;box-shadow:0 0.03rem 0.06rem rgba(0,0,0,0.1),0 0.1rem 0.3rem rgba(0,0,0,0.1);transition-duration:0.3s}.no-touch .layout_1990 .w-grid-item-h:hover{box-shadow:0 0.1rem 0.2rem rgba(0,0,0,0.1),0 0.33rem 1rem rgba(0,0,0,0.15);z-index:4}.layout_1990 .usg_vwrapper_1{transition-duration:0.2s;transform-origin:50% 50%;transform:scale(1) translate(0,0)}.layout_1990 .w-grid-item-h:focus-within .usg_vwrapper_1,.layout_1990 .w-grid-item-h:hover .usg_vwrapper_1{transform:scale(1) translate(0,-2.4rem);opacity:1}.layout_1990 .usg_add_to_cart_1{transition-duration:0.3s;transform-origin:50% 50%;transform:scale(1) translate(0%,0%);opacity:0}.layout_1990 .w-grid-item-h:focus-within .usg_add_to_cart_1,.layout_1990 .w-grid-item-h:hover .usg_add_to_cart_1{transform:scale(1) translate(0%,0%);opacity:1}.layout_1990 .usg_product_field_1{position:absolute!important;top:10px!important;left:10px!important;padding-right:0.8rem!important;padding-left:0.8rem!important;font-family:var(--font-family)!important;font-size:12px!important;font-weight:700!important;text-transform:uppercase!important;color:#ffffff!important;border-radius:2rem!important;background:#f73453!important}.layout_1990 .usg_vwrapper_1{background:inherit!important;padding:1rem 1.2rem 1rem 1.2rem!important}.layout_1990 .usg_post_title_1{margin-bottom:0.3rem!important;font-family:var(--font-family)!important;font-size:1.2rem!important;font-weight:400!important;color:inherit!important}.layout_1990 .usg_product_field_2{margin-bottom:0.5rem!important;font-family:var(--font-family)!important;font-size:0.9rem!important}.layout_1990 .usg_product_field_3{font-family:var(--font-family)!important;font-weight:700!important}.layout_1990 .usg_add_to_cart_1{font-size:0.8rem!important;width:100%!important;border-radius:0!important;position:absolute!important;left:0!important;bottom:0!important;right:0!important}<\/style><div class=\"w-grid-list\">\t<article class=\"w-grid-item size_1x1 post-3071 product type-product status-publish has-post-thumbnail product_cat-billets-vip first instock taxable shipping-taxable purchasable product-type-variable\" data-id=\"3071\">\r\n\t\t<div class=\"w-grid-item-h\">\r\n\t\t\t\t\t\t<div class=\"w-post-elm post_image usg_post_image_1 has_ratio\"><a href=\"https:\/\/plazatorosmarbella.com\/fr\/producto\/billets-dentree-vip\/\" aria-label=\"Billets d&rsquo;entr\u00e9e VIP\"><img loading=\"lazy\" decoding=\"async\" width=\"300\" height=\"300\" src=\"https:\/\/plazatorosmarbella.com\/wp-content\/uploads\/2024\/05\/Palcos-VIP-300x300.webp\" class=\"attachment-medium size-medium wp-post-image\" alt=\"Bo\u00eetes VIP ar\u00e8nes de Marbella\" \/><\/a><div style=\"padding-bottom:100%\"><\/div><\/div><div class=\"w-vwrapper usg_vwrapper_1 align_center valign_top\"><h2 class=\"w-post-elm post_title usg_post_title_1 has_text_color woocommerce-loop-product__title color_link_inherit\"><a href=\"https:\/\/plazatorosmarbella.com\/fr\/producto\/billets-dentree-vip\/\">Billets d&rsquo;entr\u00e9e VIP<\/a><\/h2><p class=\"w-post-elm product_field price usg_product_field_3\"><span class=\"woocommerce-Price-amount amount\" aria-hidden=\"true\"><bdi>275,00&nbsp;<span class=\"woocommerce-Price-currencySymbol\">&euro;<\/span><\/bdi><\/span> <span aria-hidden=\"true\">-<\/span> <span class=\"woocommerce-Price-amount amount\" aria-hidden=\"true\"><bdi>3.250,01&nbsp;<span class=\"woocommerce-Price-currencySymbol\">&euro;<\/span><\/bdi><\/span><span class=\"screen-reader-text\">Plage de prix\u00a0: 275,00&nbsp;&euro; \u00e0 3.250,01&nbsp;&euro;<\/span><\/p><\/div><div class=\"w-btn-wrapper woocommerce usg_add_to_cart_1 has_border_radius has_font_size no_view_cart_link\"><a href=\"https:\/\/plazatorosmarbella.com\/fr\/producto\/billets-dentree-vip\/\" aria-describedby=\"woocommerce_loop_add_to_cart_link_describedby_3071\" data-quantity=\"1\" class=\"button product_type_variable add_to_cart_button\" data-product_id=\"3071\" data-product_sku=\"\" aria-label=\"S\u00e9lectionner les options pour &ldquo;Billets d&#039;entr\u00e9e VIP&rdquo;\" rel=\"nofollow\"><i class=\"g-preloader type_1\"><\/i><span class=\"w-btn-label\">Choix des options<\/span><\/a>\t<span id=\"woocommerce_loop_add_to_cart_link_describedby_3071\" class=\"screen-reader-text\">\n\t\tCe produit a plusieurs variations. Les options peuvent \u00eatre choisies sur la page du produit\t<\/span>\n<\/div>\t\t<\/div>\r\n\t\t\t<\/article>\r\n\t<article class=\"w-grid-item size_1x1 post-9995 product type-product status-publish has-post-thumbnail product_cat-billets-individuels  instock taxable shipping-taxable purchasable product-type-variable\" data-id=\"9995\">\r\n\t\t<div class=\"w-grid-item-h\">\r\n\t\t\t\t\t\t<div class=\"w-post-elm post_image usg_post_image_1 has_ratio\"><a href=\"https:\/\/plazatorosmarbella.com\/fr\/producto\/tauromachie-7-aout\/\" aria-label=\"Tauromachie 7 ao\u00fbt\"><img loading=\"lazy\" decoding=\"async\" width=\"300\" height=\"300\" src=\"https:\/\/plazatorosmarbella.com\/wp-content\/uploads\/2026\/04\/Corrida-toros-7-agosto-300x300.webp\" class=\"attachment-medium size-medium wp-post-image\" alt=\"Tauromachie 7 ao\u00fbt Marbella\" \/><\/a><div style=\"padding-bottom:100%\"><\/div><\/div><div class=\"w-vwrapper usg_vwrapper_1 align_center valign_top\"><h2 class=\"w-post-elm post_title usg_post_title_1 has_text_color woocommerce-loop-product__title color_link_inherit\"><a href=\"https:\/\/plazatorosmarbella.com\/fr\/producto\/tauromachie-7-aout\/\">Tauromachie 7 ao\u00fbt<\/a><\/h2><p class=\"w-post-elm product_field price usg_product_field_3\"><span class=\"woocommerce-Price-amount amount\" aria-hidden=\"true\"><bdi>45,00&nbsp;<span class=\"woocommerce-Price-currencySymbol\">&euro;<\/span><\/bdi><\/span> <span aria-hidden=\"true\">-<\/span> <span class=\"woocommerce-Price-amount amount\" aria-hidden=\"true\"><bdi>283,25&nbsp;<span class=\"woocommerce-Price-currencySymbol\">&euro;<\/span><\/bdi><\/span><span class=\"screen-reader-text\">Plage de prix\u00a0: 45,00&nbsp;&euro; \u00e0 283,25&nbsp;&euro;<\/span><\/p><\/div><div class=\"w-btn-wrapper woocommerce usg_add_to_cart_1 has_border_radius has_font_size no_view_cart_link\"><a href=\"https:\/\/plazatorosmarbella.com\/fr\/producto\/tauromachie-7-aout\/\" aria-describedby=\"woocommerce_loop_add_to_cart_link_describedby_9995\" data-quantity=\"1\" class=\"button product_type_variable add_to_cart_button\" data-product_id=\"9995\" data-product_sku=\"\" aria-label=\"S\u00e9lectionner les options pour &ldquo;Tauromachie 7 ao\u00fbt&rdquo;\" rel=\"nofollow\"><i class=\"g-preloader type_1\"><\/i><span class=\"w-btn-label\">Choix des options<\/span><\/a>\t<span id=\"woocommerce_loop_add_to_cart_link_describedby_9995\" class=\"screen-reader-text\">\n\t\tCe produit a plusieurs variations. Les options peuvent \u00eatre choisies sur la page du produit\t<\/span>\n<\/div>\t\t<\/div>\r\n\t\t\t<\/article>\r\n\t<article class=\"w-grid-item size_1x1 post-7479 product type-product status-publish has-post-thumbnail product_cat-billets-individuels last instock taxable shipping-taxable purchasable product-type-variable\" data-id=\"7479\">\r\n\t\t<div class=\"w-grid-item-h\">\r\n\t\t\t\t\t\t<div class=\"w-post-elm post_image usg_post_image_1 has_ratio\"><a href=\"https:\/\/plazatorosmarbella.com\/fr\/producto\/tauromachie-13-juin\/\" aria-label=\"Tauromachie 13 juin\"><img loading=\"lazy\" decoding=\"async\" width=\"300\" height=\"300\" src=\"https:\/\/plazatorosmarbella.com\/wp-content\/uploads\/2025\/06\/Corrida-toros-13-junio-300x300.webp\" class=\"attachment-medium size-medium wp-post-image\" alt=\"Tauromachie 13 juin marbella\" \/><\/a><div style=\"padding-bottom:100%\"><\/div><\/div><div class=\"w-vwrapper usg_vwrapper_1 align_center valign_top\"><h2 class=\"w-post-elm post_title usg_post_title_1 has_text_color woocommerce-loop-product__title color_link_inherit\"><a href=\"https:\/\/plazatorosmarbella.com\/fr\/producto\/tauromachie-13-juin\/\">Tauromachie 13 juin<\/a><\/h2><p class=\"w-post-elm product_field price usg_product_field_3\"><span class=\"woocommerce-Price-amount amount\" aria-hidden=\"true\"><bdi>35,00&nbsp;<span class=\"woocommerce-Price-currencySymbol\">&euro;<\/span><\/bdi><\/span> <span aria-hidden=\"true\">-<\/span> <span class=\"woocommerce-Price-amount amount\" aria-hidden=\"true\"><bdi>283,25&nbsp;<span class=\"woocommerce-Price-currencySymbol\">&euro;<\/span><\/bdi><\/span><span class=\"screen-reader-text\">Plage de prix\u00a0: 35,00&nbsp;&euro; \u00e0 283,25&nbsp;&euro;<\/span><\/p><\/div><div class=\"w-btn-wrapper woocommerce usg_add_to_cart_1 has_border_radius has_font_size no_view_cart_link\"><a href=\"https:\/\/plazatorosmarbella.com\/fr\/producto\/tauromachie-13-juin\/\" aria-describedby=\"woocommerce_loop_add_to_cart_link_describedby_7479\" data-quantity=\"1\" class=\"button product_type_variable add_to_cart_button\" data-product_id=\"7479\" data-product_sku=\"\" aria-label=\"S\u00e9lectionner les options pour &ldquo;Tauromachie 13 juin&rdquo;\" rel=\"nofollow\"><i class=\"g-preloader type_1\"><\/i><span class=\"w-btn-label\">Choix des options<\/span><\/a>\t<span id=\"woocommerce_loop_add_to_cart_link_describedby_7479\" class=\"screen-reader-text\">\n\t\tCe produit a plusieurs variations. Les options peuvent \u00eatre choisies sur la page du produit\t<\/span>\n<\/div>\t\t<\/div>\r\n\t\t\t<\/article>\r\n<\/div><div class=\"g-loadmore hidden\"><div class=\"g-preloader type_1\"><div><\/div><\/div><\/div><div class=\"w-grid-list-json hidden\" onclick='return {&quot;max_num_pages&quot;:0,&quot;paginationBase&quot;:&quot;page&quot;,&quot;pagination&quot;:&quot;none&quot;,&quot;paged&quot;:1,&quot;ajaxData&quot;:{&quot;action&quot;:&quot;us_ajax_product_list&quot;,&quot;meta_type&quot;:&quot;post&quot;,&quot;object_id&quot;:0,&quot;template_vars&quot;:{&quot;shortcode_base&quot;:&quot;us_product_list&quot;,&quot;paged&quot;:1,&quot;max_num_pages&quot;:0,&quot;no_results&quot;:false,&quot;is_product_list&quot;:true,&quot;found_posts&quot;:0,&quot;per_page&quot;:12,&quot;items_count&quot;:3,&quot;orderby_random_seed&quot;:null,&quot;source&quot;:&quot;all&quot;,&quot;ids&quot;:&quot;&quot;,&quot;apply_url_params&quot;:0,&quot;onsale_only&quot;:0,&quot;featured_only&quot;:0,&quot;exclude_out_of_stock&quot;:0,&quot;exclude_hidden&quot;:1,&quot;exclude_current_product&quot;:1,&quot;exclude_prev_posts&quot;:0,&quot;enable_items_offset&quot;:0,&quot;items_offset&quot;:&quot;1&quot;,&quot;price_compare&quot;:&quot;none&quot;,&quot;price&quot;:&quot;99.99&quot;,&quot;price_max&quot;:&quot;299.99&quot;,&quot;tax_query_relation&quot;:&quot;none&quot;,&quot;tax_query&quot;:[{&quot;operator&quot;:&quot;IN&quot;,&quot;taxonomy&quot;:&quot;product_cat&quot;,&quot;terms&quot;:&quot;&quot;,&quot;include_children&quot;:0}],&quot;meta_query_relation&quot;:&quot;none&quot;,&quot;meta_query&quot;:[{&quot;key&quot;:&quot;custom_field_name&quot;,&quot;compare&quot;:&quot;=&quot;,&quot;value&quot;:&quot;&quot;}],&quot;orderby&quot;:&quot;modified&quot;,&quot;orderby_custom_field&quot;:&quot;&quot;,&quot;orderby_recent_sales_days&quot;:&quot;30&quot;,&quot;orderby_custom_type&quot;:0,&quot;order_invert&quot;:0,&quot;show_all&quot;:0,&quot;quantity&quot;:&quot;12&quot;,&quot;posts_per_archive_page&quot;:0,&quot;no_items_action&quot;:&quot;hide_grid&quot;,&quot;no_items_message&quot;:&quot;Aucun r\\u00e9sultat.&quot;,&quot;no_items_page_block&quot;:&quot;&quot;,&quot;pagination&quot;:&quot;none&quot;,&quot;pagination_style&quot;:&quot;&quot;,&quot;pagination_btn_text&quot;:&quot;Load More&quot;,&quot;pagination_btn_size&quot;:&quot;&quot;,&quot;pagination_btn_style&quot;:&quot;1&quot;,&quot;pagination_btn_fullwidth&quot;:0,&quot;items_layout&quot;:&quot;1990&quot;,&quot;type&quot;:&quot;grid&quot;,&quot;items_valign&quot;:0,&quot;ignore_items_size&quot;:0,&quot;columns&quot;:&quot;3&quot;,&quot;items_gap&quot;:&quot;1.5rem&quot;,&quot;load_animation&quot;:&quot;none&quot;,&quot;items_preload_style&quot;:&quot;spinner&quot;,&quot;img_size&quot;:&quot;default&quot;,&quot;title_size&quot;:&quot;&quot;,&quot;items_ratio&quot;:&quot;default&quot;,&quot;items_ratio_width&quot;:&quot;21&quot;,&quot;items_ratio_height&quot;:&quot;9&quot;,&quot;overriding_link&quot;:&quot;%7B%22url%22%3A%22%22%7D&quot;,&quot;popup_page_template&quot;:&quot;0&quot;,&quot;popup_width&quot;:&quot;&quot;,&quot;popup_arrows&quot;:1,&quot;breakpoint_1_width&quot;:&quot;1381px&quot;,&quot;breakpoint_1_cols&quot;:&quot;default&quot;,&quot;breakpoint_1_quantity&quot;:&quot;&quot;,&quot;breakpoint_1_gap&quot;:&quot;&quot;,&quot;breakpoint_2_width&quot;:&quot;1025px&quot;,&quot;breakpoint_2_cols&quot;:&quot;2&quot;,&quot;breakpoint_2_quantity&quot;:&quot;&quot;,&quot;breakpoint_2_gap&quot;:&quot;&quot;,&quot;breakpoint_3_width&quot;:&quot;601px&quot;,&quot;breakpoint_3_cols&quot;:&quot;1&quot;,&quot;breakpoint_3_quantity&quot;:&quot;&quot;,&quot;breakpoint_3_gap&quot;:&quot;&quot;,&quot;conditions_operator&quot;:&quot;always&quot;,&quot;conditions&quot;:[],&quot;css&quot;:null,&quot;el_class&quot;:&quot;&quot;,&quot;el_id&quot;:&quot;&quot;,&quot;enable_custom_html_atts&quot;:0,&quot;custom_html_atts&quot;:null,&quot;hide_on_states&quot;:&quot;&quot;,&quot;hide_for_sticky&quot;:0,&quot;hide_for_not_sticky&quot;:0,&quot;hide_below&quot;:&quot;0px&quot;,&quot;hide_above&quot;:&quot;0px&quot;,&quot;classes&quot;:&quot;&quot;},&quot;found_posts&quot;:0,&quot;per_page&quot;:12},&quot;facetedFilter&quot;:[]}'><\/div><\/div><\/div><\/div><\/div><div class=\"w-separator size_medium\"><\/div><\/div><\/div><\/div><\/div><\/section><section class=\"l-section wpb_row height_medium\"><div class=\"l-section-h i-cf\"><div class=\"g-cols vc_row via_grid cols_1 laptops-cols_inherit tablets-cols_inherit mobiles-cols_1 valign_top type_default stacking_default\"><div class=\"wpb_column vc_column_container\"><div class=\"vc_column-inner\"><div class=\"wpb_text_column\"><div class=\"wpb_wrapper\"><h2 style=\"text-align: center;\">D\u00e9couvrez tout ce que vous pouvez faire<\/h2>\n<\/div><\/div><div class=\"w-separator size_small with_line width_default thick_1 style_solid color_border align_center\"><div class=\"w-separator-h\"><\/div><\/div><\/div><\/div><\/div><\/div><\/section><section class=\"l-section wpb_row height_medium\"><div class=\"l-section-h i-cf\"><div class=\"g-cols vc_row via_grid cols_1-2 laptops-cols_inherit tablets-cols_inherit mobiles-cols_1 valign_middle type_default stacking_default\"><div class=\"wpb_column vc_column_container us_custom_7e20fa79 us_animate_this\"><div class=\"vc_column-inner\"><div class=\"wpb_text_column\"><div class=\"wpb_wrapper\"><h3>1. Billets pour la corrida<\/h3>\n<p>D\u00e9couvrez les prochaines corridas qui auront lieu dans les ar\u00e8nes de Marbella et achetez vos billets.<\/p>\n<\/div><\/div><div class=\"w-btn-wrapper align_none\"><a class=\"w-btn us-btn-style_1\" title=\"entradas toros Marbella\" href=\"https:\/\/plazatorosmarbella.com\/fr\/billets-pour-la-corrida-de-marbella\/\"><span class=\"w-btn-label\">Afficher les \u00e9v\u00e9nements<\/span><\/a><\/div><\/div><\/div><div class=\"wpb_column vc_column_container us_custom_47474b22 us_animate_this stretched\"><div class=\"vc_column-inner\"><div class=\"w-image us_custom_5e8a7298 style_shadow-1 align_center\"><div class=\"w-image-h\"><img decoding=\"async\" width=\"1000\" height=\"563\" src=\"https:\/\/plazatorosmarbella.com\/wp-content\/uploads\/2024\/05\/Corrida-de-toros-marbella.webp\" class=\"attachment-large size-large\" alt=\"Corrida de Marbella\" loading=\"lazy\" srcset=\"https:\/\/plazatorosmarbella.com\/wp-content\/uploads\/2024\/05\/Corrida-de-toros-marbella.webp 1000w, https:\/\/plazatorosmarbella.com\/wp-content\/uploads\/2024\/05\/Corrida-de-toros-marbella-600x338.webp 600w, https:\/\/plazatorosmarbella.com\/wp-content\/uploads\/2024\/05\/Corrida-de-toros-marbella-300x169.webp 300w\" sizes=\"auto, (max-width: 1000px) 100vw, 1000px\" \/><\/div><\/div><\/div><\/div><\/div><\/div><\/section><section class=\"l-section wpb_row height_medium\"><div class=\"l-section-h i-cf\"><div class=\"g-cols vc_row via_grid cols_2-1 laptops-cols_inherit tablets-cols_inherit mobiles-cols_1 valign_middle type_default reversed stacking_default\"><div class=\"wpb_column vc_column_container us_custom_7e20fa79 us_animate_this stretched\"><div class=\"vc_column-inner\"><div class=\"w-image us_custom_5e8a7298 style_shadow-1 align_center\"><div class=\"w-image-h\"><img decoding=\"async\" width=\"1024\" height=\"768\" src=\"https:\/\/plazatorosmarbella.com\/wp-content\/uploads\/2024\/05\/Plaza-de-toros-de-marbella-1024x768.webp\" class=\"attachment-large size-large\" alt=\"Pr\u00e9sidence des ar\u00e8nes de Marbella\" loading=\"lazy\" srcset=\"https:\/\/plazatorosmarbella.com\/wp-content\/uploads\/2024\/05\/Plaza-de-toros-de-marbella-1024x768.webp 1024w, https:\/\/plazatorosmarbella.com\/wp-content\/uploads\/2024\/05\/Plaza-de-toros-de-marbella-600x450.webp 600w, https:\/\/plazatorosmarbella.com\/wp-content\/uploads\/2024\/05\/Plaza-de-toros-de-marbella-300x225.webp 300w, https:\/\/plazatorosmarbella.com\/wp-content\/uploads\/2024\/05\/Plaza-de-toros-de-marbella.webp 1200w\" sizes=\"auto, (max-width: 1024px) 100vw, 1024px\" \/><\/div><\/div><\/div><\/div><div class=\"wpb_column vc_column_container us_custom_47474b22 us_animate_this\"><div class=\"vc_column-inner\"><div class=\"wpb_text_column\"><div class=\"wpb_wrapper\"><h3>2. Loges VIP Marbella<\/h3>\n<p>Vivez l\u2019exp\u00e9rience de regarder combattre les meilleurs toreros depuis les loges VIP des ar\u00e8nes de Marbella. Trouvez la loge VIP qui vous pla\u00eet le plus et vivez la f\u00eate taurine.<\/p>\n<\/div><\/div><div class=\"w-btn-wrapper align_none\"><a class=\"w-btn us-btn-style_1\" href=\"https:\/\/plazatorosmarbella.com\/fr\/loges-vip\/\"><span class=\"w-btn-label\">Voir les l\u00f4ges<\/span><\/a><\/div><\/div><\/div><\/div><\/div><\/section><section class=\"l-section wpb_row height_medium\"><div class=\"l-section-h i-cf\"><div class=\"g-cols vc_row via_grid cols_1-2 laptops-cols_inherit tablets-cols_inherit mobiles-cols_1 valign_middle type_default stacking_default\"><div class=\"wpb_column vc_column_container us_custom_7e20fa79 us_animate_this\"><div class=\"vc_column-inner\"><div class=\"wpb_text_column\"><div class=\"wpb_wrapper\"><h3>3. boutique en ligne de tauromachie<\/h3>\n<p>D\u00e9couvrez l&rsquo;artisanat taurin et les produits fabriqu\u00e9s par les meilleurs artisans d&rsquo;Espagne. Visitez notre boutique en ligne et d\u00e9couvrez la v\u00e9ritable passion de la tauromachie.<\/p>\n<\/div><\/div><div class=\"w-btn-wrapper align_none\"><a class=\"w-btn us-btn-style_1\" target=\"_blank\" title=\"artesan\u00edas taurinas\" href=\"https:\/\/www.toroshopping.com\/\"><span class=\"w-btn-label\">Visitez notre boutique<\/span><\/a><\/div><\/div><\/div><div class=\"wpb_column vc_column_container us_custom_47474b22 us_animate_this stretched\"><div class=\"vc_column-inner\"><div class=\"w-image us_custom_5e8a7298 style_shadow-1 align_center\"><div class=\"w-image-h\"><img decoding=\"async\" width=\"900\" height=\"675\" src=\"https:\/\/plazatorosmarbella.com\/wp-content\/uploads\/2024\/09\/Tienda-taurina-online.webp\" class=\"attachment-large size-large\" alt=\"\" loading=\"lazy\" srcset=\"https:\/\/plazatorosmarbella.com\/wp-content\/uploads\/2024\/09\/Tienda-taurina-online.webp 900w, https:\/\/plazatorosmarbella.com\/wp-content\/uploads\/2024\/09\/Tienda-taurina-online-300x225.webp 300w, https:\/\/plazatorosmarbella.com\/wp-content\/uploads\/2024\/09\/Tienda-taurina-online-600x450.webp 600w\" sizes=\"auto, (max-width: 900px) 100vw, 900px\" \/><\/div><\/div><\/div><\/div><\/div><\/div><\/section><section class=\"l-section wpb_row height_medium\"><div class=\"l-section-h i-cf\"><div class=\"g-cols vc_row via_grid cols_2-1 laptops-cols_inherit tablets-cols_inherit mobiles-cols_1 valign_middle type_default reversed stacking_default\"><div class=\"wpb_column vc_column_container us_custom_7e20fa79 us_animate_this stretched\"><div class=\"vc_column-inner\"><div class=\"w-image us_custom_5e8a7298 style_shadow-1 align_center\"><div class=\"w-image-h\"><img decoding=\"async\" width=\"880\" height=\"495\" src=\"https:\/\/plazatorosmarbella.com\/wp-content\/uploads\/2024\/05\/Plaza-de-toros-marbella.webp\" class=\"attachment-large size-large\" alt=\"Ar\u00e8nes ext\u00e9rieures de Marbella\" loading=\"lazy\" srcset=\"https:\/\/plazatorosmarbella.com\/wp-content\/uploads\/2024\/05\/Plaza-de-toros-marbella.webp 880w, https:\/\/plazatorosmarbella.com\/wp-content\/uploads\/2024\/05\/Plaza-de-toros-marbella-600x338.webp 600w, https:\/\/plazatorosmarbella.com\/wp-content\/uploads\/2024\/05\/Plaza-de-toros-marbella-300x169.webp 300w\" sizes=\"auto, (max-width: 880px) 100vw, 880px\" \/><\/div><\/div><\/div><\/div><div class=\"wpb_column vc_column_container us_custom_47474b22 us_animate_this\"><div class=\"vc_column-inner\"><div class=\"wpb_text_column\"><div class=\"wpb_wrapper\"><h3>4. Informations sur le lieu<\/h3>\n<p>Voulez-vous en savoir plus sur les ar\u00e8nes de Marbella ? Architecture, capacit\u00e9, histoire et bien plus encore \u00e0 d\u00e9couvrir.<\/p>\n<\/div><\/div><div class=\"w-btn-wrapper align_none\"><a class=\"w-btn us-btn-style_1\" href=\"https:\/\/plazatorosmarbella.com\/fr\/informations-sur-la-place\/\"><span class=\"w-btn-label\">En savoir plus<\/span><\/a><\/div><\/div><\/div><\/div><\/div><\/section><section class=\"l-section wpb_row height_medium color_primary parallax_ver with_shape\" id=\"second\"><div class=\"l-section-overlay\" style=\"background:rgba(25,25,25,0.51)\"><\/div><div class=\"l-section-shape type_triangle pos_bottom\" style=\"height:15vmin;\"><svg xmlns=\"http:\/\/www.w3.org\/2000\/svg\" viewBox=\"0 0 64 8\" preserveAspectRatio=\"none\" width=\"100%\" height=\"100%\">\r\n\t<path fill=\"currentColor\" d=\"M64 8 L0 8 L0 0 L32 7.9 L64 0 Z\"\/>\r\n<\/svg><\/div><div class=\"l-section-h i-cf\"><div class=\"g-cols vc_row via_grid cols_1 laptops-cols_inherit tablets-cols_inherit mobiles-cols_1 valign_top type_default stacking_default\"><div class=\"wpb_column vc_column_container\"><div class=\"vc_column-inner\"><div class=\"wpb_text_column\"><div class=\"wpb_wrapper\"><p style=\"text-align: center;\"><span style=\"font-size: 30px;\">Profitez d&rsquo;un monument national historique<\/span><\/p>\n<\/div><\/div><div class=\"w-separator size_large\"><\/div><div class=\"g-cols wpb_row via_grid cols_4 laptops-cols_inherit tablets-cols_inherit mobiles-cols_1 valign_top type_default stacking_default\" style=\"--columns-gap:3rem;\"><div class=\"wpb_column vc_column_container\"><div class=\"vc_column-inner\"><div class=\"w-counter us_custom_69e32a11 color_heading align_center animation_none has_font_size\" data-duration=\"2\" style=\"--w-counter-duration: 2s;\"><div class=\"w-counter-value\" aria-label=\"+1\"><span class=\"w-counter-value-part final\" aria-hidden=\"true\">+1<\/span><span class=\"w-counter-value-part hidden type_text\" aria-hidden=\"true\" data-final=\"+\"><\/span><span class=\"w-counter-value-part hidden type_number\" aria-hidden=\"true\" data-final=\"1\">0<\/span><span class=\"w-counter-value-part hidden type_text\" aria-hidden=\"true\" data-final>+<\/span><\/div><p class=\"w-counter-title\" style=\"font-size:1.2rem;\">Corridas annuelles<\/p><\/div><\/div><\/div><div class=\"wpb_column vc_column_container\"><div class=\"vc_column-inner\"><div class=\"w-counter us_custom_69e32a11 color_primary align_center animation_none has_font_size\" data-duration=\"2\" style=\"--w-counter-duration: 2s;\"><div class=\"w-counter-value\" aria-label=\"7000\"><span class=\"w-counter-value-part final\" aria-hidden=\"true\">7000<\/span><span class=\"w-counter-value-part hidden type_text\" aria-hidden=\"true\" data-final><\/span><span class=\"w-counter-value-part hidden type_number\" aria-hidden=\"true\" data-final=\"7000\">0<\/span><span class=\"w-counter-value-part hidden type_text\" aria-hidden=\"true\" data-final><\/span><\/div><p class=\"w-counter-title\" style=\"font-size:1.2rem;\">Spectateurs annuels<\/p><\/div><\/div><\/div><div class=\"wpb_column vc_column_container\"><div class=\"vc_column-inner\"><div class=\"w-counter us_custom_69e32a11 color_heading align_center animation_none has_font_size\" data-duration=\"2\" style=\"--w-counter-duration: 2s;\"><div class=\"w-counter-value\" aria-label=\"60\"><span class=\"w-counter-value-part final\" aria-hidden=\"true\">60<\/span><span class=\"w-counter-value-part hidden type_text\" aria-hidden=\"true\" data-final><\/span><span class=\"w-counter-value-part hidden type_number\" aria-hidden=\"true\" data-final=\"60\">0<\/span><span class=\"w-counter-value-part hidden type_text\" aria-hidden=\"true\" data-final><\/span><\/div><p class=\"w-counter-title\" style=\"font-size:1.2rem;\">Ann\u00e9es d&apos;Art taurin<\/p><\/div><\/div><\/div><div class=\"wpb_column vc_column_container\"><div class=\"vc_column-inner\"><div class=\"w-counter us_custom_69e32a11 color_primary align_center animation_none has_font_size\" data-duration=\"2\" style=\"--w-counter-duration: 2s;\"><div class=\"w-counter-value\" aria-label=\"1\"><span class=\"w-counter-value-part final\" aria-hidden=\"true\">1<\/span><span class=\"w-counter-value-part hidden type_text\" aria-hidden=\"true\" data-final><\/span><span class=\"w-counter-value-part hidden type_number\" aria-hidden=\"true\" data-final=\"1\">0<\/span><span class=\"w-counter-value-part hidden type_text\" aria-hidden=\"true\" data-final><\/span><\/div><p class=\"w-counter-title\" style=\"font-size:1.2rem;\">F\u00e9ria de Juin<\/p><\/div><\/div><\/div><\/div><div class=\"w-separator size_custom\" style=\"height:10vh\"><\/div><\/div><\/div><\/div><\/div><\/section><section class=\"l-section wpb_row height_medium\"><div class=\"l-section-h i-cf\"><div class=\"g-cols vc_row via_grid cols_1 laptops-cols_inherit tablets-cols_inherit mobiles-cols_1 valign_top type_default stacking_default\"><div class=\"wpb_column vc_column_container\"><div class=\"vc_column-inner\"><div class=\"wpb_text_column\"><div class=\"wpb_wrapper\"><h2 style=\"text-align: center;\">Informations sur les ar\u00e8nes de Marbella<\/h2>\n<p>La Plaza de Toros de Marbella, situ\u00e9e dans la province de Malaga, en Espagne, est un lieu embl\u00e9matique de la tauromachie qui fait partie int\u00e9grante de la vie culturelle et sociale de la ville. <strong>Inaugur\u00e9es en 1964<\/strong>, ces ar\u00e8nes refl\u00e8tent la profonde tradition taurine de la r\u00e9gion andalouse. <\/p>\n<p><strong>Avec une capacit\u00e9 d&rsquo;accueil d&rsquo;environ 7 000 spectateurs<\/strong>, les ar\u00e8nes de Marbella sont connues pour leur architecture typiquement andalouse, caract\u00e9ris\u00e9e par une large ar\u00e8ne et des tribunes qui offrent une excellente vue sur le spectacle de n&rsquo;importe quel point. La structure est con\u00e7ue pour maximiser la visibilit\u00e9 et le confort du public, cr\u00e9ant une atmosph\u00e8re intime et vibrante pendant les corridas. <\/p>\n<p>L&rsquo;un des faits curieux de cette place est qu&rsquo;en plus des corridas traditionnelles, <strong>elle a \u00e9galement \u00e9t\u00e9 utilis\u00e9e pour une vari\u00e9t\u00e9 d&rsquo;\u00e9v\u00e9nements culturels et de divertissement, notamment des concerts, des spectacles de flamenco et des festivals.<\/strong> Cette polyvalence a permis \u00e0 la aren\u00e8es de continuer \u00e0 \u00eatre un centre actif de la vie sociale de Marbella. <\/p>\n<p>La place a accueilli de nombreux toreros de renomm\u00e9e internationale, devenant ainsi un lieu prestigieux du circuit taurin espagnol. La foire taurine de Marbella, qui a lieu en juin pendant les f\u00eates patronales de San Bernab\u00e9, est l&rsquo;un des \u00e9v\u00e9nements les plus marquants du calendrier taurin de la ville, attirant des amateurs de tout le pays et du monde.<\/p>\n<\/div><\/div><div class=\"w-separator size_medium\"><\/div><div class=\"wpb_text_column\"><div class=\"wpb_wrapper\"><h2 style=\"text-align: center;\">Photographie des ar\u00e8nes<\/h2>\n<\/div><\/div><div class=\"w-grid us_grid us_custom_cb330156 with_filters type_masonry layout_portfolio_2 cols_4 pagination_infinite preload_style_spinner with_isotope with_css_animation ratio_1x1\" id=\"us_grid_1\" style=\"--columns:4;--gap:4px;--item-ratio:1;\"><style>@media (max-width:1380px){#us_grid_1{--columns:3!important}}@media (max-width:1024px){#us_grid_1{--columns:3!important}}@media (max-width:600px){#us_grid_1{--columns:2!important}}.layout_portfolio_2 .w-grid-item-h{background:#333}.layout_portfolio_2 .usg_post_image_1{transition-duration:0.35s;transform-origin:50% 50%;transform:scale(1) translate(0%,0%)}.layout_portfolio_2 .w-grid-item-h:focus-within .usg_post_image_1,.layout_portfolio_2 .w-grid-item-h:hover .usg_post_image_1{transform:scale(1.1) translate(0%,0%);opacity:0.1}.layout_portfolio_2 .usg_post_image_1{position:absolute!important;top:0!important;right:0!important;bottom:0!important;left:0!important}.layout_portfolio_2 .usg_vwrapper_1{position:absolute!important;right:0!important;bottom:0!important;left:0!important;background:linear-gradient(transparent,rgba(30,30,30,0.8))!important;padding:4rem 2rem 1.5rem 2rem!important}.layout_portfolio_2 .usg_post_title_1{color:#fff!important;font-size:1.2rem!important}.layout_portfolio_2 .usg_post_taxonomy_1{color:#fff!important;font-size:0.9rem!important}<\/style><div class=\"g-filters style_1 align_center\"><button class=\"g-filters-item active\" data-taxonomy=\"*\"><span>Tous<\/span><\/button><button class=\"g-filters-item\" data-taxonomy=\"\" data-amount=\"\"><span><\/span><span class=\"g-filters-item-amount\"><\/span><\/button><button class=\"g-filters-item\" data-taxonomy=\"\" data-amount=\"\"><span><\/span><span class=\"g-filters-item-amount\"><\/span><\/button><\/div><div class=\"w-grid-list\" data-filter_taxonomy_name=\"us_media_category\">\t<article class=\"w-grid-item us_animate_fade off_autostart size_1x1 post-2706 attachment type-attachment status-inherit hentry\" data-id=\"2706\" style=\"animation-delay:0s\">\r\n\t\t<div class=\"w-grid-item-h\">\r\n\t\t\t\t\t\t\t<a ref=\"magnificPopupGrid\" href=\"https:\/\/plazatorosmarbella.com\/wp-content\/uploads\/2024\/05\/Puertas-de-acceso-exteriores.webp\" class=\"w-grid-item-anchor\" aria-label=\"Portes d&#039;acc\u00e8s ext\u00e9rieures aux ar\u00e8nes\"><\/a>\r\n\t\t\t\t\t\t<div class=\"w-post-elm post_image usg_post_image_1 stretched\"><img loading=\"lazy\" decoding=\"async\" width=\"225\" height=\"300\" src=\"https:\/\/plazatorosmarbella.com\/wp-content\/uploads\/2024\/05\/Puertas-de-acceso-exteriores-225x300.webp\" class=\"attachment-medium size-medium\" alt=\"Portes d&#039;acc\u00e8s ext\u00e9rieures aux ar\u00e8nes\" srcset=\"https:\/\/plazatorosmarbella.com\/wp-content\/uploads\/2024\/05\/Puertas-de-acceso-exteriores-225x300.webp 225w, https:\/\/plazatorosmarbella.com\/wp-content\/uploads\/2024\/05\/Puertas-de-acceso-exteriores-600x800.webp 600w, https:\/\/plazatorosmarbella.com\/wp-content\/uploads\/2024\/05\/Puertas-de-acceso-exteriores.webp 675w\" sizes=\"auto, (max-width: 225px) 100vw, 225px\" \/><\/div><div class=\"w-vwrapper usg_vwrapper_1 align_none valign_top\"><h2 class=\"w-post-elm post_title usg_post_title_1 has_text_color entry-title color_link_inherit\">Portes d&rsquo;acc\u00e8s ext\u00e9rieures<\/h2><\/div>\t\t<\/div>\r\n\t\t\t<\/article>\r\n\t<article class=\"w-grid-item us_animate_fade off_autostart size_1x1 post-2700 attachment type-attachment status-inherit hentry\" data-id=\"2700\" style=\"animation-delay:0.1s\">\r\n\t\t<div class=\"w-grid-item-h\">\r\n\t\t\t\t\t\t\t<a ref=\"magnificPopupGrid\" href=\"https:\/\/plazatorosmarbella.com\/wp-content\/uploads\/2024\/05\/interior-plaza.webp\" class=\"w-grid-item-anchor\" aria-label=\"int\u00e9rieur des ar\u00e8nes\"><\/a>\r\n\t\t\t\t\t\t<div class=\"w-post-elm post_image usg_post_image_1 stretched\"><img loading=\"lazy\" decoding=\"async\" width=\"300\" height=\"225\" src=\"https:\/\/plazatorosmarbella.com\/wp-content\/uploads\/2024\/05\/interior-plaza-300x225.webp\" class=\"attachment-medium size-medium\" alt=\"int\u00e9rieur des ar\u00e8nes\" srcset=\"https:\/\/plazatorosmarbella.com\/wp-content\/uploads\/2024\/05\/interior-plaza-300x225.webp 300w, https:\/\/plazatorosmarbella.com\/wp-content\/uploads\/2024\/05\/interior-plaza-600x450.webp 600w, https:\/\/plazatorosmarbella.com\/wp-content\/uploads\/2024\/05\/interior-plaza.webp 900w\" sizes=\"auto, (max-width: 300px) 100vw, 300px\" \/><\/div><div class=\"w-vwrapper usg_vwrapper_1 align_none valign_top\"><h2 class=\"w-post-elm post_title usg_post_title_1 has_text_color entry-title color_link_inherit\">int\u00e9rieur des ar\u00e8nes<\/h2><\/div>\t\t<\/div>\r\n\t\t\t<\/article>\r\n\t<article class=\"w-grid-item us_animate_fade off_autostart size_1x1 post-2702 attachment type-attachment status-inherit hentry\" data-id=\"2702\" style=\"animation-delay:0.2s\">\r\n\t\t<div class=\"w-grid-item-h\">\r\n\t\t\t\t\t\t\t<a ref=\"magnificPopupGrid\" href=\"https:\/\/plazatorosmarbella.com\/wp-content\/uploads\/2024\/05\/Puerta-grande.webp\" class=\"w-grid-item-anchor\" aria-label=\"Grande porte ar\u00e8nes de Marbella\"><\/a>\r\n\t\t\t\t\t\t<div class=\"w-post-elm post_image usg_post_image_1 stretched\"><img loading=\"lazy\" decoding=\"async\" width=\"225\" height=\"300\" src=\"https:\/\/plazatorosmarbella.com\/wp-content\/uploads\/2024\/05\/Puerta-grande-225x300.webp\" class=\"attachment-medium size-medium\" alt=\"Grande porte ar\u00e8nes de Marbella\" srcset=\"https:\/\/plazatorosmarbella.com\/wp-content\/uploads\/2024\/05\/Puerta-grande-225x300.webp 225w, https:\/\/plazatorosmarbella.com\/wp-content\/uploads\/2024\/05\/Puerta-grande-600x800.webp 600w, https:\/\/plazatorosmarbella.com\/wp-content\/uploads\/2024\/05\/Puerta-grande.webp 750w\" sizes=\"auto, (max-width: 225px) 100vw, 225px\" \/><\/div><div class=\"w-vwrapper usg_vwrapper_1 align_none valign_top\"><h2 class=\"w-post-elm post_title usg_post_title_1 has_text_color entry-title color_link_inherit\">Porte principale<\/h2><\/div>\t\t<\/div>\r\n\t\t\t<\/article>\r\n\t<article class=\"w-grid-item us_animate_fade off_autostart size_1x1 post-2704 attachment type-attachment status-inherit hentry\" data-id=\"2704\" style=\"animation-delay:0.3s\">\r\n\t\t<div class=\"w-grid-item-h\">\r\n\t\t\t\t\t\t\t<a ref=\"magnificPopupGrid\" href=\"https:\/\/plazatorosmarbella.com\/wp-content\/uploads\/2024\/05\/Estatuas.webp\" class=\"w-grid-item-anchor\" aria-label=\"statues \u00e0 l&#039;ext\u00e9rieur des ar\u00e8nes\"><\/a>\r\n\t\t\t\t\t\t<div class=\"w-post-elm post_image usg_post_image_1 stretched\"><img loading=\"lazy\" decoding=\"async\" width=\"225\" height=\"300\" src=\"https:\/\/plazatorosmarbella.com\/wp-content\/uploads\/2024\/05\/Estatuas-225x300.webp\" class=\"attachment-medium size-medium\" alt=\"statues \u00e0 l&#039;ext\u00e9rieur des ar\u00e8nes\" srcset=\"https:\/\/plazatorosmarbella.com\/wp-content\/uploads\/2024\/05\/Estatuas-225x300.webp 225w, https:\/\/plazatorosmarbella.com\/wp-content\/uploads\/2024\/05\/Estatuas-600x800.webp 600w, https:\/\/plazatorosmarbella.com\/wp-content\/uploads\/2024\/05\/Estatuas.webp 750w\" sizes=\"auto, (max-width: 225px) 100vw, 225px\" \/><\/div><div class=\"w-vwrapper usg_vwrapper_1 align_none valign_top\"><h2 class=\"w-post-elm post_title usg_post_title_1 has_text_color entry-title color_link_inherit\">Statues<\/h2><\/div>\t\t<\/div>\r\n\t\t\t<\/article>\r\n\t<article class=\"w-grid-item us_animate_fade off_autostart size_1x1 post-2696 attachment type-attachment status-inherit hentry\" data-id=\"2696\" style=\"animation-delay:0.4s\">\r\n\t\t<div class=\"w-grid-item-h\">\r\n\t\t\t\t\t\t\t<a ref=\"magnificPopupGrid\" href=\"https:\/\/plazatorosmarbella.com\/wp-content\/uploads\/2024\/05\/palcos-y-tendido.webp\" class=\"w-grid-item-anchor\" aria-label=\"loges et disposition des ar\u00e8nes\"><\/a>\r\n\t\t\t\t\t\t<div class=\"w-post-elm post_image usg_post_image_1 stretched\"><img loading=\"lazy\" decoding=\"async\" width=\"225\" height=\"300\" src=\"https:\/\/plazatorosmarbella.com\/wp-content\/uploads\/2024\/05\/palcos-y-tendido-225x300.webp\" class=\"attachment-medium size-medium\" alt=\"loges et disposition des ar\u00e8nes\" srcset=\"https:\/\/plazatorosmarbella.com\/wp-content\/uploads\/2024\/05\/palcos-y-tendido-225x300.webp 225w, https:\/\/plazatorosmarbella.com\/wp-content\/uploads\/2024\/05\/palcos-y-tendido-600x800.webp 600w, https:\/\/plazatorosmarbella.com\/wp-content\/uploads\/2024\/05\/palcos-y-tendido.webp 675w\" sizes=\"auto, (max-width: 225px) 100vw, 225px\" \/><\/div><div class=\"w-vwrapper usg_vwrapper_1 align_none valign_top\"><h2 class=\"w-post-elm post_title usg_post_title_1 has_text_color entry-title color_link_inherit\">loges et tendidos des ar\u00e8nes<\/h2><\/div>\t\t<\/div>\r\n\t\t\t<\/article>\r\n\t<article class=\"w-grid-item us_animate_fade off_autostart size_1x1 post-2698 attachment type-attachment status-inherit hentry\" data-id=\"2698\" style=\"animation-delay:0.5s\">\r\n\t\t<div class=\"w-grid-item-h\">\r\n\t\t\t\t\t\t\t<a ref=\"magnificPopupGrid\" href=\"https:\/\/plazatorosmarbella.com\/wp-content\/uploads\/2024\/05\/tendido-y-ruedo.webp\" class=\"w-grid-item-anchor\" aria-label=\"Ar\u00e8ne et tendidos\"><\/a>\r\n\t\t\t\t\t\t<div class=\"w-post-elm post_image usg_post_image_1 stretched\"><img loading=\"lazy\" decoding=\"async\" width=\"300\" height=\"225\" src=\"https:\/\/plazatorosmarbella.com\/wp-content\/uploads\/2024\/05\/tendido-y-ruedo-300x225.webp\" class=\"attachment-medium size-medium\" alt=\"Ar\u00e8ne et tendidos\" srcset=\"https:\/\/plazatorosmarbella.com\/wp-content\/uploads\/2024\/05\/tendido-y-ruedo-300x225.webp 300w, https:\/\/plazatorosmarbella.com\/wp-content\/uploads\/2024\/05\/tendido-y-ruedo-600x450.webp 600w, https:\/\/plazatorosmarbella.com\/wp-content\/uploads\/2024\/05\/tendido-y-ruedo.webp 900w\" sizes=\"auto, (max-width: 300px) 100vw, 300px\" \/><\/div><div class=\"w-vwrapper usg_vwrapper_1 align_none valign_top\"><h2 class=\"w-post-elm post_title usg_post_title_1 has_text_color entry-title color_link_inherit\">Ar\u00e8ne et tendidos<\/h2><\/div>\t\t<\/div>\r\n\t\t\t<\/article>\r\n\t<article class=\"w-grid-item us_animate_fade off_autostart size_1x1 post-2678 attachment type-attachment status-inherit hentry\" data-id=\"2678\" style=\"animation-delay:0.6s\">\r\n\t\t<div class=\"w-grid-item-h\">\r\n\t\t\t\t\t\t\t<a ref=\"magnificPopupGrid\" href=\"https:\/\/plazatorosmarbella.com\/wp-content\/uploads\/2024\/05\/Corrida-de-toros-marbella.webp\" class=\"w-grid-item-anchor\" aria-label=\"Corrida de Marbella\"><\/a>\r\n\t\t\t\t\t\t<div class=\"w-post-elm post_image usg_post_image_1 stretched\"><img loading=\"lazy\" decoding=\"async\" width=\"300\" height=\"169\" src=\"https:\/\/plazatorosmarbella.com\/wp-content\/uploads\/2024\/05\/Corrida-de-toros-marbella-300x169.webp\" class=\"attachment-medium size-medium\" alt=\"Corrida de Marbella\" srcset=\"https:\/\/plazatorosmarbella.com\/wp-content\/uploads\/2024\/05\/Corrida-de-toros-marbella-300x169.webp 300w, https:\/\/plazatorosmarbella.com\/wp-content\/uploads\/2024\/05\/Corrida-de-toros-marbella-600x338.webp 600w, https:\/\/plazatorosmarbella.com\/wp-content\/uploads\/2024\/05\/Corrida-de-toros-marbella.webp 1000w\" sizes=\"auto, (max-width: 300px) 100vw, 300px\" \/><\/div><div class=\"w-vwrapper usg_vwrapper_1 align_none valign_top\"><h2 class=\"w-post-elm post_title usg_post_title_1 has_text_color entry-title color_link_inherit\">Corrida<\/h2><\/div>\t\t<\/div>\r\n\t\t\t<\/article>\r\n\t<article class=\"w-grid-item us_animate_fade off_autostart size_1x1 post-2676 attachment type-attachment status-inherit hentry\" data-id=\"2676\" style=\"animation-delay:0.7s\">\r\n\t\t<div class=\"w-grid-item-h\">\r\n\t\t\t\t\t\t\t<a ref=\"magnificPopupGrid\" href=\"https:\/\/plazatorosmarbella.com\/wp-content\/uploads\/2024\/05\/Plaza-de-toros-de-marbella.webp\" class=\"w-grid-item-anchor\" aria-label=\"Pr\u00e9sidence des ar\u00e8nes de Marbella\"><\/a>\r\n\t\t\t\t\t\t<div class=\"w-post-elm post_image usg_post_image_1 stretched\"><img loading=\"lazy\" decoding=\"async\" width=\"300\" height=\"225\" src=\"https:\/\/plazatorosmarbella.com\/wp-content\/uploads\/2024\/05\/Plaza-de-toros-de-marbella-300x225.webp\" class=\"attachment-medium size-medium\" alt=\"Pr\u00e9sidence des ar\u00e8nes de Marbella\" srcset=\"https:\/\/plazatorosmarbella.com\/wp-content\/uploads\/2024\/05\/Plaza-de-toros-de-marbella-300x225.webp 300w, https:\/\/plazatorosmarbella.com\/wp-content\/uploads\/2024\/05\/Plaza-de-toros-de-marbella-600x450.webp 600w, https:\/\/plazatorosmarbella.com\/wp-content\/uploads\/2024\/05\/Plaza-de-toros-de-marbella-1024x768.webp 1024w, https:\/\/plazatorosmarbella.com\/wp-content\/uploads\/2024\/05\/Plaza-de-toros-de-marbella.webp 1200w\" sizes=\"auto, (max-width: 300px) 100vw, 300px\" \/><\/div><div class=\"w-vwrapper usg_vwrapper_1 align_none valign_top\"><h2 class=\"w-post-elm post_title usg_post_title_1 has_text_color entry-title color_link_inherit\">Ar\u00e8nes de Marbella<\/h2><\/div>\t\t<\/div>\r\n\t\t\t<\/article>\r\n\t<article class=\"w-grid-item us_animate_fade off_autostart size_1x1 post-2674 attachment type-attachment status-inherit hentry\" data-id=\"2674\" style=\"animation-delay:0s\">\r\n\t\t<div class=\"w-grid-item-h\">\r\n\t\t\t\t\t\t\t<a ref=\"magnificPopupGrid\" href=\"https:\/\/plazatorosmarbella.com\/wp-content\/uploads\/2024\/05\/Plaza-de-toros-marbella.webp\" class=\"w-grid-item-anchor\" aria-label=\"Ar\u00e8nes ext\u00e9rieures de Marbella\"><\/a>\r\n\t\t\t\t\t\t<div class=\"w-post-elm post_image usg_post_image_1 stretched\"><img loading=\"lazy\" decoding=\"async\" width=\"300\" height=\"169\" src=\"https:\/\/plazatorosmarbella.com\/wp-content\/uploads\/2024\/05\/Plaza-de-toros-marbella-300x169.webp\" class=\"attachment-medium size-medium\" alt=\"Ar\u00e8nes ext\u00e9rieures de Marbella\" srcset=\"https:\/\/plazatorosmarbella.com\/wp-content\/uploads\/2024\/05\/Plaza-de-toros-marbella-300x169.webp 300w, https:\/\/plazatorosmarbella.com\/wp-content\/uploads\/2024\/05\/Plaza-de-toros-marbella-600x338.webp 600w, https:\/\/plazatorosmarbella.com\/wp-content\/uploads\/2024\/05\/Plaza-de-toros-marbella.webp 880w\" sizes=\"auto, (max-width: 300px) 100vw, 300px\" \/><\/div><div class=\"w-vwrapper usg_vwrapper_1 align_none valign_top\"><h2 class=\"w-post-elm post_title usg_post_title_1 has_text_color entry-title color_link_inherit\">Ext\u00e9rieur des ar\u00e8nes<\/h2><\/div>\t\t<\/div>\r\n\t\t\t<\/article>\r\n<\/div>\t<div class=\"w-grid-preloader\">\r\n\t\t<div class=\"g-preloader type_1\">\r\n\t\t\t<div><\/div>\r\n\t\t<\/div>\r\n\t<\/div>\r\n\t\t<div class=\"w-grid-json hidden\" onclick='return {&quot;action&quot;:&quot;us_ajax_grid&quot;,&quot;infinite_scroll&quot;:0,&quot;max_num_pages&quot;:1,&quot;pagination&quot;:&quot;infinite&quot;,&quot;template_vars&quot;:{&quot;columns&quot;:&quot;4&quot;,&quot;exclude_items&quot;:&quot;none&quot;,&quot;img_size&quot;:&quot;medium&quot;,&quot;ignore_items_size&quot;:0,&quot;items_layout&quot;:&quot;portfolio_2&quot;,&quot;items_offset&quot;:&quot;1&quot;,&quot;load_animation&quot;:&quot;fade&quot;,&quot;overriding_link&quot;:&quot;%7B%22type%22%3A%22popup_image%22%7D&quot;,&quot;post_id&quot;:0,&quot;query_args&quot;:{&quot;post_type&quot;:[&quot;attachment&quot;],&quot;post__in&quot;:[&quot;2617&quot;,&quot;2618&quot;,&quot;2403&quot;,&quot;2619&quot;,&quot;2620&quot;,&quot;2402&quot;,&quot;2621&quot;,&quot;2401&quot;,&quot;2623&quot;],&quot;post_status&quot;:&quot;inherit&quot;,&quot;post_mime_type&quot;:&quot;image&quot;,&quot;posts_per_page&quot;:&quot;9&quot;},&quot;orderby_query_args&quot;:{&quot;orderby&quot;:{&quot;date&quot;:&quot;DESC&quot;}},&quot;type&quot;:&quot;masonry&quot;,&quot;us_grid_post_type&quot;:&quot;attachment&quot;,&quot;us_grid_ajax_index&quot;:1,&quot;us_grid_filter_query_string&quot;:null,&quot;us_grid_index&quot;:1,&quot;page_args&quot;:[],&quot;lang&quot;:&quot;fr&quot;}}'><\/div>\r\n\t<\/div><\/div><\/div><\/div><\/div><\/section><section class=\"l-section wpb_row height_medium\"><div class=\"l-section-h i-cf\"><div class=\"g-cols vc_row via_grid cols_1 laptops-cols_inherit tablets-cols_inherit mobiles-cols_1 valign_top type_default stacking_default\"><div class=\"wpb_column vc_column_container\"><div class=\"vc_column-inner\"><div class=\"w-separator size_medium\"><\/div><div class=\"wpb_text_column\"><div class=\"wpb_wrapper\"><h2 style=\"text-align: center;\">Nouvelles de la Plaza<\/h2>\n<\/div><\/div><div class=\"w-grid us_post_carousel type_carousel layout_blog_1 preload_style_spinner items_3\" id=\"us_post_list_d421\" style=\"--items:3;--gap:1.5rem;\"><style>.layout_blog_1 .w-grid-item-h{}.layout_blog_1 .usg_post_image_1{margin-bottom:0.5rem!important}.layout_blog_1 .usg_post_title_1{font-size:1rem!important}<\/style><div class=\"w-grid-list owl-carousel valign_stretch dotstyle_circle navstyle_circle arrows-ver-pos_middle arrows-hor-pos_on_sides_outside arrows-disabled_hide owl-responsive-2000 with_arrows\" style=\"--transition-duration:350ms;--arrows-size:1.5rem;--arrows-gap:10px;\">\t<article class=\"w-grid-item size_1x1 post-8797 post type-post status-publish format-standard has-post-thumbnail hentry category-non-classifiee\" data-id=\"8797\">\r\n\t\t<div class=\"w-grid-item-h\">\r\n\t\t\t\t\t\t<div class=\"w-post-elm post_image usg_post_image_1 stretched\"><a href=\"https:\/\/plazatorosmarbella.com\/fr\/tauromachie-marbella-2026\/\" aria-label=\"Tickets tauromachie Marbella 2026\"><img loading=\"lazy\" decoding=\"async\" width=\"1024\" height=\"683\" src=\"https:\/\/plazatorosmarbella.com\/wp-content\/uploads\/2026\/04\/Corridas-de-Toros-Marbella-2026-1024x683.png\" class=\"attachment-large size-large wp-post-image\" alt=\"Tauromachie Marbella 2026\" srcset=\"https:\/\/plazatorosmarbella.com\/wp-content\/uploads\/2026\/04\/Corridas-de-Toros-Marbella-2026-1024x683.png 1024w, https:\/\/plazatorosmarbella.com\/wp-content\/uploads\/2026\/04\/Corridas-de-Toros-Marbella-2026-300x200.png 300w, https:\/\/plazatorosmarbella.com\/wp-content\/uploads\/2026\/04\/Corridas-de-Toros-Marbella-2026-600x400.png 600w, https:\/\/plazatorosmarbella.com\/wp-content\/uploads\/2026\/04\/Corridas-de-Toros-Marbella-2026.png 1536w\" sizes=\"auto, (max-width: 1024px) 100vw, 1024px\" \/><\/a><\/div><h2 class=\"w-post-elm post_title usg_post_title_1 entry-title color_link_inherit\"><a href=\"https:\/\/plazatorosmarbella.com\/fr\/tauromachie-marbella-2026\/\">Tickets tauromachie Marbella 2026<\/a><\/h2>\t\t<\/div>\r\n\t\t\t<\/article>\r\n<\/div><div class=\"w-grid-carousel-json hidden\" onclick='return {&quot;carousel_settings&quot;:{&quot;aria_labels&quot;:{&quot;prev&quot;:&quot;Pr\\u00e9c\\u00e9dent&quot;,&quot;next&quot;:&quot;Suivant&quot;},&quot;autoplayContinual&quot;:false,&quot;autoplayHoverPause&quot;:false,&quot;autoplayTimeout&quot;:3000,&quot;autoWidth&quot;:false,&quot;smartSpeed&quot;:350,&quot;margin&quot;:0,&quot;mouseDrag&quot;:true,&quot;rtl&quot;:false,&quot;slideBy&quot;:&quot;1&quot;,&quot;touchDrag&quot;:true,&quot;slideTransition&quot;:&quot;&quot;,&quot;responsive&quot;:{&quot;0&quot;:{&quot;autoHeight&quot;:false,&quot;autoplay&quot;:false,&quot;autoWidth&quot;:false,&quot;center&quot;:false,&quot;dots&quot;:false,&quot;items&quot;:1,&quot;loop&quot;:false,&quot;nav&quot;:false,&quot;stagePadding&quot;:0,&quot;slideBy&quot;:&quot;1&quot;},&quot;601&quot;:{&quot;items&quot;:3,&quot;autoplay&quot;:false,&quot;center&quot;:false,&quot;dots&quot;:false,&quot;nav&quot;:true,&quot;autoHeight&quot;:false,&quot;autoWidth&quot;:false,&quot;loop&quot;:false,&quot;stagePadding&quot;:0}}}}'><\/div><\/div><\/div><\/div><\/div><\/div><\/section><section class=\"l-section wpb_row height_medium\"><div class=\"l-section-h i-cf\"><div class=\"g-cols vc_row via_grid cols_1-4-1 laptops-cols_inherit tablets-cols_inherit mobiles-cols_1 valign_top type_default stacking_default\"><div class=\"wpb_column vc_column_container\"><div class=\"vc_column-inner\"><\/div><\/div><div class=\"wpb_column vc_column_container\"><div class=\"vc_column-inner\"><div class=\"wpb_text_column\"><div class=\"wpb_wrapper\"><h2 style=\"text-align: center;\">DEMANDE D&rsquo;INFORMATIONS POUR LES BILLETS<\/h2>\n<\/div><\/div>[vc_raw_html]W2NvbnRhY3QtZm9ybS03IGlkPSIwOGQzMDE3Il0=[\/vc_raw_html]<\/div><\/div><div class=\"wpb_column vc_column_container\"><div class=\"vc_column-inner\"><\/div><\/div><\/div><\/div><\/section>\n","protected":false},"excerpt":{"rendered":"Tickets tauromachie Marbella 2026 Billets tauromachie Marbella 2026 : informations, dates et comment r\u00e9server avant tout le monde Les ar\u00e8nes de Marbella sont l&rsquo;un des sites de tauromachie les plus exclusifs de la Costa del Sol. Chaque \u00e9t\u00e9, elles accueillent des corridas et des festivals de tauromachie qui r\u00e9unissent les amateurs locaux et les touristes...","protected":false},"author":2,"featured_media":2676,"parent":0,"menu_order":0,"comment_status":"closed","ping_status":"closed","template":"","meta":{"footnotes":""},"class_list":["post-2980","page","type-page","status-publish","has-post-thumbnail","hentry"],"yoast_head":"<!-- This site is optimized with the Yoast SEO plugin v27.4 - https:\/\/yoast.com\/product\/yoast-seo-wordpress\/ -->\n<title>\u25b7 Ar\u00e8nes de Marbella | Vente de billets pour la tauromachie<\/title>\n<meta name=\"description\" content=\"D\u00e9couvrez tous les \u00e9v\u00e9nements taurins aux ar\u00e8nes de Marbella et achetez vos billets pour les corridas \u00e0 Marbella.\" \/>\n<meta name=\"robots\" content=\"index, follow, max-snippet:-1, max-image-preview:large, max-video-preview:-1\" \/>\n<link rel=\"canonical\" href=\"https:\/\/plazatorosmarbella.com\/fr\/\" \/>\n<meta property=\"og:locale\" content=\"fr_FR\" \/>\n<meta property=\"og:type\" content=\"article\" \/>\n<meta property=\"og:title\" content=\"\u25b7 Ar\u00e8nes de Marbella | Vente de billets pour la tauromachie\" \/>\n<meta property=\"og:description\" content=\"D\u00e9couvrez tous les \u00e9v\u00e9nements taurins aux ar\u00e8nes de Marbella et achetez vos billets pour les corridas \u00e0 Marbella.\" \/>\n<meta property=\"og:url\" content=\"https:\/\/plazatorosmarbella.com\/fr\/\" \/>\n<meta property=\"og:site_name\" content=\"Plaza Toros Marbella\" \/>\n<meta property=\"article:modified_time\" content=\"2026-04-21T08:20:32+00:00\" \/>\n<meta property=\"og:image\" content=\"https:\/\/plazatorosmarbella.com\/wp-content\/uploads\/2024\/05\/Plaza-de-toros-de-marbella.webp\" \/>\n\t<meta property=\"og:image:width\" content=\"1200\" \/>\n\t<meta property=\"og:image:height\" content=\"900\" \/>\n\t<meta property=\"og:image:type\" content=\"image\/webp\" \/>\n<meta name=\"twitter:card\" content=\"summary_large_image\" \/>\n<meta name=\"twitter:label1\" content=\"Dur\u00e9e de lecture estim\u00e9e\" \/>\n\t<meta name=\"twitter:data1\" content=\"4 minutes\" \/>\n<script type=\"application\/ld+json\" class=\"yoast-schema-graph\">{\"@context\":\"https:\\\/\\\/schema.org\",\"@graph\":[{\"@type\":\"WebPage\",\"@id\":\"https:\\\/\\\/plazatorosmarbella.com\\\/fr\\\/\",\"url\":\"https:\\\/\\\/plazatorosmarbella.com\\\/fr\\\/\",\"name\":\"\u25b7 Ar\u00e8nes de Marbella | Vente de billets pour la tauromachie\",\"isPartOf\":{\"@id\":\"https:\\\/\\\/plazatorosmarbella.com\\\/fr\\\/#website\"},\"primaryImageOfPage\":{\"@id\":\"https:\\\/\\\/plazatorosmarbella.com\\\/fr\\\/#primaryimage\"},\"image\":{\"@id\":\"https:\\\/\\\/plazatorosmarbella.com\\\/fr\\\/#primaryimage\"},\"thumbnailUrl\":\"https:\\\/\\\/plazatorosmarbella.com\\\/wp-content\\\/uploads\\\/2024\\\/05\\\/Plaza-de-toros-de-marbella.webp\",\"datePublished\":\"2024-05-16T12:15:48+00:00\",\"dateModified\":\"2026-04-21T08:20:32+00:00\",\"description\":\"D\u00e9couvrez tous les \u00e9v\u00e9nements taurins aux ar\u00e8nes de Marbella et achetez vos billets pour les corridas \u00e0 Marbella.\",\"breadcrumb\":{\"@id\":\"https:\\\/\\\/plazatorosmarbella.com\\\/fr\\\/#breadcrumb\"},\"inLanguage\":\"fr-FR\",\"potentialAction\":[{\"@type\":\"ReadAction\",\"target\":[\"https:\\\/\\\/plazatorosmarbella.com\\\/fr\\\/\"]}]},{\"@type\":\"ImageObject\",\"inLanguage\":\"fr-FR\",\"@id\":\"https:\\\/\\\/plazatorosmarbella.com\\\/fr\\\/#primaryimage\",\"url\":\"https:\\\/\\\/plazatorosmarbella.com\\\/wp-content\\\/uploads\\\/2024\\\/05\\\/Plaza-de-toros-de-marbella.webp\",\"contentUrl\":\"https:\\\/\\\/plazatorosmarbella.com\\\/wp-content\\\/uploads\\\/2024\\\/05\\\/Plaza-de-toros-de-marbella.webp\",\"width\":1200,\"height\":900,\"caption\":\"Pr\u00e9sidence des ar\u00e8nes de Marbella\"},{\"@type\":\"BreadcrumbList\",\"@id\":\"https:\\\/\\\/plazatorosmarbella.com\\\/fr\\\/#breadcrumb\",\"itemListElement\":[{\"@type\":\"ListItem\",\"position\":1,\"name\":\"Portada\",\"item\":\"https:\\\/\\\/plazatorosmarbella.com\\\/fr\\\/\"},{\"@type\":\"ListItem\",\"position\":2,\"name\":\"Inicio\"}]},{\"@type\":\"WebSite\",\"@id\":\"https:\\\/\\\/plazatorosmarbella.com\\\/fr\\\/#website\",\"url\":\"https:\\\/\\\/plazatorosmarbella.com\\\/fr\\\/\",\"name\":\"Plaza Toros Marbella\",\"description\":\"P\u00e1gina Plaza de Toros de Marbella\",\"potentialAction\":[{\"@type\":\"SearchAction\",\"target\":{\"@type\":\"EntryPoint\",\"urlTemplate\":\"https:\\\/\\\/plazatorosmarbella.com\\\/fr\\\/?s={search_term_string}\"},\"query-input\":{\"@type\":\"PropertyValueSpecification\",\"valueRequired\":true,\"valueName\":\"search_term_string\"}}],\"inLanguage\":\"fr-FR\"}]}<\/script>\n<!-- \/ Yoast SEO plugin. -->","yoast_head_json":{"title":"\u25b7 Ar\u00e8nes de Marbella | Vente de billets pour la tauromachie","description":"D\u00e9couvrez tous les \u00e9v\u00e9nements taurins aux ar\u00e8nes de Marbella et achetez vos billets pour les corridas \u00e0 Marbella.","robots":{"index":"index","follow":"follow","max-snippet":"max-snippet:-1","max-image-preview":"max-image-preview:large","max-video-preview":"max-video-preview:-1"},"canonical":"https:\/\/plazatorosmarbella.com\/fr\/","og_locale":"fr_FR","og_type":"article","og_title":"\u25b7 Ar\u00e8nes de Marbella | Vente de billets pour la tauromachie","og_description":"D\u00e9couvrez tous les \u00e9v\u00e9nements taurins aux ar\u00e8nes de Marbella et achetez vos billets pour les corridas \u00e0 Marbella.","og_url":"https:\/\/plazatorosmarbella.com\/fr\/","og_site_name":"Plaza Toros Marbella","article_modified_time":"2026-04-21T08:20:32+00:00","og_image":[{"width":1200,"height":900,"url":"https:\/\/plazatorosmarbella.com\/wp-content\/uploads\/2024\/05\/Plaza-de-toros-de-marbella.webp","type":"image\/webp"}],"twitter_card":"summary_large_image","twitter_misc":{"Dur\u00e9e de lecture estim\u00e9e":"4 minutes"},"schema":{"@context":"https:\/\/schema.org","@graph":[{"@type":"WebPage","@id":"https:\/\/plazatorosmarbella.com\/fr\/","url":"https:\/\/plazatorosmarbella.com\/fr\/","name":"\u25b7 Ar\u00e8nes de Marbella | Vente de billets pour la tauromachie","isPartOf":{"@id":"https:\/\/plazatorosmarbella.com\/fr\/#website"},"primaryImageOfPage":{"@id":"https:\/\/plazatorosmarbella.com\/fr\/#primaryimage"},"image":{"@id":"https:\/\/plazatorosmarbella.com\/fr\/#primaryimage"},"thumbnailUrl":"https:\/\/plazatorosmarbella.com\/wp-content\/uploads\/2024\/05\/Plaza-de-toros-de-marbella.webp","datePublished":"2024-05-16T12:15:48+00:00","dateModified":"2026-04-21T08:20:32+00:00","description":"D\u00e9couvrez tous les \u00e9v\u00e9nements taurins aux ar\u00e8nes de Marbella et achetez vos billets pour les corridas \u00e0 Marbella.","breadcrumb":{"@id":"https:\/\/plazatorosmarbella.com\/fr\/#breadcrumb"},"inLanguage":"fr-FR","potentialAction":[{"@type":"ReadAction","target":["https:\/\/plazatorosmarbella.com\/fr\/"]}]},{"@type":"ImageObject","inLanguage":"fr-FR","@id":"https:\/\/plazatorosmarbella.com\/fr\/#primaryimage","url":"https:\/\/plazatorosmarbella.com\/wp-content\/uploads\/2024\/05\/Plaza-de-toros-de-marbella.webp","contentUrl":"https:\/\/plazatorosmarbella.com\/wp-content\/uploads\/2024\/05\/Plaza-de-toros-de-marbella.webp","width":1200,"height":900,"caption":"Pr\u00e9sidence des ar\u00e8nes de Marbella"},{"@type":"BreadcrumbList","@id":"https:\/\/plazatorosmarbella.com\/fr\/#breadcrumb","itemListElement":[{"@type":"ListItem","position":1,"name":"Portada","item":"https:\/\/plazatorosmarbella.com\/fr\/"},{"@type":"ListItem","position":2,"name":"Inicio"}]},{"@type":"WebSite","@id":"https:\/\/plazatorosmarbella.com\/fr\/#website","url":"https:\/\/plazatorosmarbella.com\/fr\/","name":"Plaza Toros Marbella","description":"P\u00e1gina Plaza de Toros de Marbella","potentialAction":[{"@type":"SearchAction","target":{"@type":"EntryPoint","urlTemplate":"https:\/\/plazatorosmarbella.com\/fr\/?s={search_term_string}"},"query-input":{"@type":"PropertyValueSpecification","valueRequired":true,"valueName":"search_term_string"}}],"inLanguage":"fr-FR"}]}},"_links":{"self":[{"href":"https:\/\/plazatorosmarbella.com\/fr\/wp-json\/wp\/v2\/pages\/2980","targetHints":{"allow":["GET"]}}],"collection":[{"href":"https:\/\/plazatorosmarbella.com\/fr\/wp-json\/wp\/v2\/pages"}],"about":[{"href":"https:\/\/plazatorosmarbella.com\/fr\/wp-json\/wp\/v2\/types\/page"}],"author":[{"embeddable":true,"href":"https:\/\/plazatorosmarbella.com\/fr\/wp-json\/wp\/v2\/users\/2"}],"replies":[{"embeddable":true,"href":"https:\/\/plazatorosmarbella.com\/fr\/wp-json\/wp\/v2\/comments?post=2980"}],"version-history":[{"count":50,"href":"https:\/\/plazatorosmarbella.com\/fr\/wp-json\/wp\/v2\/pages\/2980\/revisions"}],"predecessor-version":[{"id":10404,"href":"https:\/\/plazatorosmarbella.com\/fr\/wp-json\/wp\/v2\/pages\/2980\/revisions\/10404"}],"wp:featuredmedia":[{"embeddable":true,"href":"https:\/\/plazatorosmarbella.com\/fr\/wp-json\/wp\/v2\/media\/2676"}],"wp:attachment":[{"href":"https:\/\/plazatorosmarbella.com\/fr\/wp-json\/wp\/v2\/media?parent=2980"}],"curies":[{"name":"wp","href":"https:\/\/api.w.org\/{rel}","templated":true}]}}